{"id":3262,"date":"2021-05-05T06:12:09","date_gmt":"2021-05-05T06:12:09","guid":{"rendered":"https:\/\/www.caceriascampodemontiel.com\/proprietes-de-chasse\/madrid\/"},"modified":"2021-05-05T06:12:09","modified_gmt":"2021-05-05T06:12:09","slug":"madrid","status":"publish","type":"page","link":"https:\/\/www.caceriascampodemontiel.com\/fr\/proprietes-de-chasse\/madrid\/","title":{"rendered":"Madrid"},"content":{"rendered":"\n<div class=\"wp-block-cover\"><img loading=\"lazy\" decoding=\"async\" width=\"1920\" height=\"713\" class=\"wp-block-cover__image-background wp-image-631\" alt=\"\" src=\"https:\/\/www.caceriascampodemontiel.com\/wp-content\/uploads\/2021\/03\/slider-fincas-madrid.jpg\" style=\"object-position:48% 75%\" data-object-fit=\"cover\" data-object-position=\"48% 75%\" srcset=\"https:\/\/www.caceriascampodemontiel.com\/wp-content\/uploads\/2021\/03\/slider-fincas-madrid.jpg 1920w, https:\/\/www.caceriascampodemontiel.com\/wp-content\/uploads\/2021\/03\/slider-fincas-madrid-300x111.jpg 300w, https:\/\/www.caceriascampodemontiel.com\/wp-content\/uploads\/2021\/03\/slider-fincas-madrid-1024x380.jpg 1024w, https:\/\/www.caceriascampodemontiel.com\/wp-content\/uploads\/2021\/03\/slider-fincas-madrid-768x285.jpg 768w, https:\/\/www.caceriascampodemontiel.com\/wp-content\/uploads\/2021\/03\/slider-fincas-madrid-1536x570.jpg 1536w\" sizes=\"auto, (max-width: 1920px) 100vw, 1920px\" \/><div class=\"wp-block-cover__inner-container is-layout-flow wp-block-cover-is-layout-flow\">\n<h1 class=\"has-text-align-center wp-block-heading\">Madrid<\/h1>\n<\/div><\/div>\n\n<div class=\"wp-block-columns is-layout-flex wp-container-core-columns-is-layout-9d6595d7 wp-block-columns-is-layout-flex\">\n<div class=\"wp-block-column is-layout-flow wp-block-column-is-layout-flow\"><\/div>\n<\/div>\n\n<div class=\"wp-block-columns align-items-center is-layout-flex wp-container-core-columns-is-layout-9d6595d7 wp-block-columns-is-layout-flex\">\n<div class=\"wp-block-column is-layout-flow wp-block-column-is-layout-flow\">\n<h2 class=\"wp-block-heading\">Zone de chasse 2.000 hectares. Elle se compose de 2.000 hectares de semences de c\u00e9r\u00e9ales, d\u2019amandiers, d\u2019oliviers, d\u2019alfa, de terrain vallonn\u00e9 et de colline m\u00e9diterran\u00e9enne situ\u00e9s sous la m\u00eame lisi\u00e8re et formant une combinaison parfaite.<\/h2>\n\n\n\n<p>Saison de chasse : du 15 septembre au 15 mars.<\/p>\n\n\n\n<p>La zone de chasse se trouve \u00e0 30 kilom\u00e8tres du centre-ville de Madrid.<\/p>\n<\/div>\n\n\n\n<div class=\"wp-block-column is-layout-flow wp-block-column-is-layout-flow\"><div class=\"wp-block-nextend-smartslider3\"><\/div>\r\n<\/div>\n<\/div>\n\n<section id=\"nuestra-gestion\">\n \t<div class=\"container\">\n\t\t<div class=\"row bloque-titular\">\n\t\t\t<div class=\"col-md-12 text-center\">\n\t\t\t\t<div class=\"titular\">Nuestra gesti\u00f3n<\/div>\n\t\t\t\t<hr>\n\t\t\t<\/div>\n\t\t<\/div>\n\t\t<div class=\"row\">\n\t\t\t<div class=\"col text-center\"> \n\t\t\t\t<a href=\"\/nuestra-gestion\/perdiz-roja-brava\/\" title=\"Perdiz roja brava\">\n\t\t\t\t\t<img decoding=\"async\" src=\"https:\/\/www.caceriascampodemontiel.com\/wp-content\/themes\/campodemontiel\/assets\/ico-perdiz-roja-brava.svg\" class=\"img-fluid\" alt=\"Perdiz roja brava\" title=\"Perdiz roja brava\" \/> \n\t\t\t\t<\/a>\n\t\t\t\t<h5>Perdiz Roja Brava<\/h5>\n\t\t\t\t<p>La intensa gesti\u00f3n en nuestras fincas los 365 d\u00edas del a\u00f1o forman el habitat perfecto para la Perdiz Roja.<\/p>\n \t\t\t<\/div>\n\t\t\t<div class=\"col text-center\"> \n\t\t\t\t<a href=\"\/nuestra-gestion\/control-de-depredadores\" title=\"Control de depredadores\">\n\t\t\t\t\t<img decoding=\"async\" src=\"https:\/\/www.caceriascampodemontiel.com\/wp-content\/themes\/campodemontiel\/assets\/ico-control-de-depredadores.svg\" class=\"img-fluid\" alt=\"Control de depredadores\" title=\"Control de depredadores\" \/> \n\t\t\t\t<\/a>\n\t\t\t\t<h5>Control de depredadores<\/h5>\n\t\t\t\t<p>Trabajamos en el control de depredadores vitales para la cr\u00eda y el desarrollo de la perdiz salvaje.<\/p>\n \t\t\t<\/div>\n\t\t\t<div class=\"col text-center\"> \n\t\t\t\t<a href=\"\/nuestra-gestion\/construccion-de-refugios\/\" title=\"Construcci\u00f3n de regufugios\">\n\t\t\t\t\t<img decoding=\"async\" src=\"https:\/\/www.caceriascampodemontiel.com\/wp-content\/themes\/campodemontiel\/assets\/ico-construccion-de-refugios.svg\" class=\"img-fluid\" alt=\"Construcci\u00f3n de regufugios\" title=\"Construcci\u00f3n de regufugios\" \/> \n\t\t\t\t<\/a>\n\t\t\t\t<h5>Construcci\u00f3n de refugios<\/h5>\n\t\t\t\t<p>Opci\u00f3n muy apropiada para la protecci\u00f3n de nidos de perdiz y perdigones apenas d\u00edas de vida.<\/p>\n \t\t\t<\/div>\n\t\t\t<div class=\"col text-center\"> \n\t\t\t\t<a href=\"\/nuestra-gestion\/comida-y-agua\/\" title=\"Comida y agua\">\n\t\t\t\t\t<img decoding=\"async\" src=\"https:\/\/www.caceriascampodemontiel.com\/wp-content\/themes\/campodemontiel\/assets\/ico-comida-y-agua.svg\" class=\"img-fluid\" alt=\"Comida y agua\" title=\"Comida y agua\" \/> \n\t\t\t\t<\/a>\n\t\t\t\t<h5>Comida y agua<\/h5>\n\t\t\t\t<p>Cubrimos todas las necesidades de manera natural y con trigo y agua durante los 365 d\u00edas al a\u00f1o.<\/p>\n \t\t\t<\/div>\n\t\t\t<div class=\"col text-center\"> \n\t\t\t\t<a href=\"\/nuestra-gestion\/mantenimiento-de-caminos\/\" title=\"Mantenimiento de caminos\">\n\t\t\t\t\t<img decoding=\"async\" src=\"https:\/\/www.caceriascampodemontiel.com\/wp-content\/themes\/campodemontiel\/assets\/ico-mantenimiento-de-caminos.svg\" class=\"img-fluid\" alt=\"Mantenimiento de caminos\" title=\"Mantenimiento de caminos\" \/> \n\t\t\t\t<\/a>\n\t\t\t\t<h5>Mantenimiento de caminos<\/h5>\n\t\t\t\t<p>Mantenemos todos nuestros caminos en perfecto estado para su uso como movilidad y cortafuegos.<\/p>\n \t\t\t<\/div>\n\t\t<\/div>\n\t<\/div>\n<\/section>\n","protected":false},"excerpt":{"rendered":"<p>Zone de chasse 2.000 hectares. Elle se compose de 2.000 hectares de semences de c\u00e9r\u00e9ales, d\u2019amandiers, d\u2019oliviers, d\u2019alfa, de terrain vallonn\u00e9 et de colline m\u00e9diterran\u00e9enne situ\u00e9s sous la m\u00eame lisi\u00e8re et formant une combinaison parfaite. Saison de chasse : du 15 septembre au 15 mars. La zone de chasse se trouve \u00e0 30 kilom\u00e8tres du [&hellip;]<\/p>\n","protected":false},"author":1,"featured_media":0,"parent":3254,"menu_order":0,"comment_status":"closed","ping_status":"closed","template":"page-templates\/content-full.php","meta":{"inline_featured_image":false,"footnotes":""},"class_list":["post-3262","page","type-page","status-publish","hentry"],"yoast_head":"<!-- This site is optimized with the Yoast SEO plugin v27.4 - https:\/\/yoast.com\/product\/yoast-seo-wordpress\/ -->\n<title>Madrid - Cacer\u00edas Campo de Montiel<\/title>\n<meta name=\"robots\" content=\"index, follow, max-snippet:-1, max-image-preview:large, max-video-preview:-1\" \/>\n<link rel=\"canonical\" href=\"https:\/\/www.caceriascampodemontiel.com\/fincas-de-caza\/madrid\/\" \/>\n<meta property=\"og:locale\" content=\"fr_FR\" \/>\n<meta property=\"og:type\" content=\"article\" \/>\n<meta property=\"og:title\" content=\"Madrid - Cacer\u00edas Campo de Montiel\" \/>\n<meta property=\"og:description\" content=\"Zone de chasse 2.000 hectares. Elle se compose de 2.000 hectares de semences de c\u00e9r\u00e9ales, d\u2019amandiers, d\u2019oliviers, d\u2019alfa, de terrain vallonn\u00e9 et de colline m\u00e9diterran\u00e9enne situ\u00e9s sous la m\u00eame lisi\u00e8re et formant une combinaison parfaite. Saison de chasse : du 15 septembre au 15 mars. La zone de chasse se trouve \u00e0 30 kilom\u00e8tres du [&hellip;]\" \/>\n<meta property=\"og:url\" content=\"https:\/\/www.caceriascampodemontiel.com\/fincas-de-caza\/madrid\/\" \/>\n<meta property=\"og:site_name\" content=\"Cacer\u00edas Campo de Montiel\" \/>\n<meta property=\"og:image\" content=\"https:\/\/www.caceriascampodemontiel.com\/wp-content\/uploads\/2021\/03\/slider-fincas-madrid.jpg\" \/>\n<meta name=\"twitter:card\" content=\"summary_large_image\" \/>\n<script type=\"application\/ld+json\" class=\"yoast-schema-graph\">{\"@context\":\"https:\\\/\\\/schema.org\",\"@graph\":[{\"@type\":\"WebPage\",\"@id\":\"https:\\\/\\\/www.caceriascampodemontiel.com\\\/fincas-de-caza\\\/madrid\\\/\",\"url\":\"https:\\\/\\\/www.caceriascampodemontiel.com\\\/fincas-de-caza\\\/madrid\\\/\",\"name\":\"Madrid - Cacer\u00edas Campo de Montiel\",\"isPartOf\":{\"@id\":\"https:\\\/\\\/www.caceriascampodemontiel.com\\\/#website\"},\"primaryImageOfPage\":{\"@id\":\"https:\\\/\\\/www.caceriascampodemontiel.com\\\/fincas-de-caza\\\/madrid\\\/#primaryimage\"},\"image\":{\"@id\":\"https:\\\/\\\/www.caceriascampodemontiel.com\\\/fincas-de-caza\\\/madrid\\\/#primaryimage\"},\"thumbnailUrl\":\"https:\\\/\\\/www.caceriascampodemontiel.com\\\/wp-content\\\/uploads\\\/2021\\\/03\\\/slider-fincas-madrid.jpg\",\"datePublished\":\"2021-05-05T06:12:09+00:00\",\"breadcrumb\":{\"@id\":\"https:\\\/\\\/www.caceriascampodemontiel.com\\\/fincas-de-caza\\\/madrid\\\/#breadcrumb\"},\"inLanguage\":\"fr-FR\",\"potentialAction\":[{\"@type\":\"ReadAction\",\"target\":[\"https:\\\/\\\/www.caceriascampodemontiel.com\\\/fincas-de-caza\\\/madrid\\\/\"]}]},{\"@type\":\"ImageObject\",\"inLanguage\":\"fr-FR\",\"@id\":\"https:\\\/\\\/www.caceriascampodemontiel.com\\\/fincas-de-caza\\\/madrid\\\/#primaryimage\",\"url\":\"https:\\\/\\\/www.caceriascampodemontiel.com\\\/wp-content\\\/uploads\\\/2021\\\/03\\\/slider-fincas-madrid.jpg\",\"contentUrl\":\"https:\\\/\\\/www.caceriascampodemontiel.com\\\/wp-content\\\/uploads\\\/2021\\\/03\\\/slider-fincas-madrid.jpg\"},{\"@type\":\"BreadcrumbList\",\"@id\":\"https:\\\/\\\/www.caceriascampodemontiel.com\\\/fincas-de-caza\\\/madrid\\\/#breadcrumb\",\"itemListElement\":[{\"@type\":\"ListItem\",\"position\":1,\"name\":\"Home\",\"item\":\"https:\\\/\\\/www.caceriascampodemontiel.com\\\/fr\\\/accueil\\\/\"},{\"@type\":\"ListItem\",\"position\":2,\"name\":\"Propri\u00e9t\u00e9s de chasse\",\"item\":\"https:\\\/\\\/www.caceriascampodemontiel.com\\\/fincas-de-caza\\\/\"},{\"@type\":\"ListItem\",\"position\":3,\"name\":\"Madrid\"}]},{\"@type\":\"WebSite\",\"@id\":\"https:\\\/\\\/www.caceriascampodemontiel.com\\\/#website\",\"url\":\"https:\\\/\\\/www.caceriascampodemontiel.com\\\/\",\"name\":\"Cacer\u00edas Campo de Montiel | Campo, caza y conservaci\u00f3n\",\"description\":\"Una tradici\u00f3n familiar desde 1971\",\"publisher\":{\"@id\":\"https:\\\/\\\/www.caceriascampodemontiel.com\\\/#organization\"},\"potentialAction\":[{\"@type\":\"SearchAction\",\"target\":{\"@type\":\"EntryPoint\",\"urlTemplate\":\"https:\\\/\\\/www.caceriascampodemontiel.com\\\/?s={search_term_string}\"},\"query-input\":{\"@type\":\"PropertyValueSpecification\",\"valueRequired\":true,\"valueName\":\"search_term_string\"}}],\"inLanguage\":\"fr-FR\"},{\"@type\":\"Organization\",\"@id\":\"https:\\\/\\\/www.caceriascampodemontiel.com\\\/#organization\",\"name\":\"Cacer\u00edas Campo de Montiel\",\"url\":\"https:\\\/\\\/www.caceriascampodemontiel.com\\\/\",\"logo\":{\"@type\":\"ImageObject\",\"inLanguage\":\"fr-FR\",\"@id\":\"https:\\\/\\\/www.caceriascampodemontiel.com\\\/#\\\/schema\\\/logo\\\/image\\\/\",\"url\":\"https:\\\/\\\/www.caceriascampodemontiel.com\\\/wp-content\\\/uploads\\\/2021\\\/02\\\/logo-cacerias-campo-de-montiel2-1.png\",\"contentUrl\":\"https:\\\/\\\/www.caceriascampodemontiel.com\\\/wp-content\\\/uploads\\\/2021\\\/02\\\/logo-cacerias-campo-de-montiel2-1.png\",\"width\":719,\"height\":194,\"caption\":\"Cacer\u00edas Campo de Montiel\"},\"image\":{\"@id\":\"https:\\\/\\\/www.caceriascampodemontiel.com\\\/#\\\/schema\\\/logo\\\/image\\\/\"}}]}<\/script>\n<!-- \/ Yoast SEO plugin. -->","yoast_head_json":{"title":"Madrid - Cacer\u00edas Campo de Montiel","robots":{"index":"index","follow":"follow","max-snippet":"max-snippet:-1","max-image-preview":"max-image-preview:large","max-video-preview":"max-video-preview:-1"},"canonical":"https:\/\/www.caceriascampodemontiel.com\/fincas-de-caza\/madrid\/","og_locale":"fr_FR","og_type":"article","og_title":"Madrid - Cacer\u00edas Campo de Montiel","og_description":"Zone de chasse 2.000 hectares. Elle se compose de 2.000 hectares de semences de c\u00e9r\u00e9ales, d\u2019amandiers, d\u2019oliviers, d\u2019alfa, de terrain vallonn\u00e9 et de colline m\u00e9diterran\u00e9enne situ\u00e9s sous la m\u00eame lisi\u00e8re et formant une combinaison parfaite. Saison de chasse : du 15 septembre au 15 mars. La zone de chasse se trouve \u00e0 30 kilom\u00e8tres du [&hellip;]","og_url":"https:\/\/www.caceriascampodemontiel.com\/fincas-de-caza\/madrid\/","og_site_name":"Cacer\u00edas Campo de Montiel","og_image":[{"url":"https:\/\/www.caceriascampodemontiel.com\/wp-content\/uploads\/2021\/03\/slider-fincas-madrid.jpg","type":"","width":"","height":""}],"twitter_card":"summary_large_image","schema":{"@context":"https:\/\/schema.org","@graph":[{"@type":"WebPage","@id":"https:\/\/www.caceriascampodemontiel.com\/fincas-de-caza\/madrid\/","url":"https:\/\/www.caceriascampodemontiel.com\/fincas-de-caza\/madrid\/","name":"Madrid - Cacer\u00edas Campo de Montiel","isPartOf":{"@id":"https:\/\/www.caceriascampodemontiel.com\/#website"},"primaryImageOfPage":{"@id":"https:\/\/www.caceriascampodemontiel.com\/fincas-de-caza\/madrid\/#primaryimage"},"image":{"@id":"https:\/\/www.caceriascampodemontiel.com\/fincas-de-caza\/madrid\/#primaryimage"},"thumbnailUrl":"https:\/\/www.caceriascampodemontiel.com\/wp-content\/uploads\/2021\/03\/slider-fincas-madrid.jpg","datePublished":"2021-05-05T06:12:09+00:00","breadcrumb":{"@id":"https:\/\/www.caceriascampodemontiel.com\/fincas-de-caza\/madrid\/#breadcrumb"},"inLanguage":"fr-FR","potentialAction":[{"@type":"ReadAction","target":["https:\/\/www.caceriascampodemontiel.com\/fincas-de-caza\/madrid\/"]}]},{"@type":"ImageObject","inLanguage":"fr-FR","@id":"https:\/\/www.caceriascampodemontiel.com\/fincas-de-caza\/madrid\/#primaryimage","url":"https:\/\/www.caceriascampodemontiel.com\/wp-content\/uploads\/2021\/03\/slider-fincas-madrid.jpg","contentUrl":"https:\/\/www.caceriascampodemontiel.com\/wp-content\/uploads\/2021\/03\/slider-fincas-madrid.jpg"},{"@type":"BreadcrumbList","@id":"https:\/\/www.caceriascampodemontiel.com\/fincas-de-caza\/madrid\/#breadcrumb","itemListElement":[{"@type":"ListItem","position":1,"name":"Home","item":"https:\/\/www.caceriascampodemontiel.com\/fr\/accueil\/"},{"@type":"ListItem","position":2,"name":"Propri\u00e9t\u00e9s de chasse","item":"https:\/\/www.caceriascampodemontiel.com\/fincas-de-caza\/"},{"@type":"ListItem","position":3,"name":"Madrid"}]},{"@type":"WebSite","@id":"https:\/\/www.caceriascampodemontiel.com\/#website","url":"https:\/\/www.caceriascampodemontiel.com\/","name":"Cacer\u00edas Campo de Montiel | Campo, caza y conservaci\u00f3n","description":"Una tradici\u00f3n familiar desde 1971","publisher":{"@id":"https:\/\/www.caceriascampodemontiel.com\/#organization"},"potentialAction":[{"@type":"SearchAction","target":{"@type":"EntryPoint","urlTemplate":"https:\/\/www.caceriascampodemontiel.com\/?s={search_term_string}"},"query-input":{"@type":"PropertyValueSpecification","valueRequired":true,"valueName":"search_term_string"}}],"inLanguage":"fr-FR"},{"@type":"Organization","@id":"https:\/\/www.caceriascampodemontiel.com\/#organization","name":"Cacer\u00edas Campo de Montiel","url":"https:\/\/www.caceriascampodemontiel.com\/","logo":{"@type":"ImageObject","inLanguage":"fr-FR","@id":"https:\/\/www.caceriascampodemontiel.com\/#\/schema\/logo\/image\/","url":"https:\/\/www.caceriascampodemontiel.com\/wp-content\/uploads\/2021\/02\/logo-cacerias-campo-de-montiel2-1.png","contentUrl":"https:\/\/www.caceriascampodemontiel.com\/wp-content\/uploads\/2021\/02\/logo-cacerias-campo-de-montiel2-1.png","width":719,"height":194,"caption":"Cacer\u00edas Campo de Montiel"},"image":{"@id":"https:\/\/www.caceriascampodemontiel.com\/#\/schema\/logo\/image\/"}}]}},"_links":{"self":[{"href":"https:\/\/www.caceriascampodemontiel.com\/fr\/wp-json\/wp\/v2\/pages\/3262","targetHints":{"allow":["GET"]}}],"collection":[{"href":"https:\/\/www.caceriascampodemontiel.com\/fr\/wp-json\/wp\/v2\/pages"}],"about":[{"href":"https:\/\/www.caceriascampodemontiel.com\/fr\/wp-json\/wp\/v2\/types\/page"}],"author":[{"embeddable":true,"href":"https:\/\/www.caceriascampodemontiel.com\/fr\/wp-json\/wp\/v2\/users\/1"}],"replies":[{"embeddable":true,"href":"https:\/\/www.caceriascampodemontiel.com\/fr\/wp-json\/wp\/v2\/comments?post=3262"}],"version-history":[{"count":1,"href":"https:\/\/www.caceriascampodemontiel.com\/fr\/wp-json\/wp\/v2\/pages\/3262\/revisions"}],"predecessor-version":[{"id":3263,"href":"https:\/\/www.caceriascampodemontiel.com\/fr\/wp-json\/wp\/v2\/pages\/3262\/revisions\/3263"}],"up":[{"embeddable":true,"href":"https:\/\/www.caceriascampodemontiel.com\/fr\/wp-json\/wp\/v2\/pages\/3254"}],"wp:attachment":[{"href":"https:\/\/www.caceriascampodemontiel.com\/fr\/wp-json\/wp\/v2\/media?parent=3262"}],"curies":[{"name":"wp","href":"https:\/\/api.w.org\/{rel}","templated":true}]}}