{"id":3266,"date":"2021-05-05T06:13:33","date_gmt":"2021-05-05T06:13:33","guid":{"rendered":"https:\/\/www.caceriascampodemontiel.com\/notre-direction\/"},"modified":"2021-05-05T06:13:34","modified_gmt":"2021-05-05T06:13:34","slug":"notre-direction","status":"publish","type":"page","link":"https:\/\/www.caceriascampodemontiel.com\/fr\/notre-direction\/","title":{"rendered":"Notre direction"},"content":{"rendered":"\n<div class=\"wp-block-cover\"><img loading=\"lazy\" decoding=\"async\" width=\"1920\" height=\"624\" class=\"wp-block-cover__image-background wp-image-1723\" alt=\"\" src=\"https:\/\/www.caceriascampodemontiel.com\/wp-content\/uploads\/2021\/03\/Slide-inversion-rural-Campo-de-Montiel.jpg\" style=\"object-position:59% 45%\" data-object-fit=\"cover\" data-object-position=\"59% 45%\" srcset=\"https:\/\/www.caceriascampodemontiel.com\/wp-content\/uploads\/2021\/03\/Slide-inversion-rural-Campo-de-Montiel.jpg 1920w, https:\/\/www.caceriascampodemontiel.com\/wp-content\/uploads\/2021\/03\/Slide-inversion-rural-Campo-de-Montiel-300x98.jpg 300w, https:\/\/www.caceriascampodemontiel.com\/wp-content\/uploads\/2021\/03\/Slide-inversion-rural-Campo-de-Montiel-1024x333.jpg 1024w, https:\/\/www.caceriascampodemontiel.com\/wp-content\/uploads\/2021\/03\/Slide-inversion-rural-Campo-de-Montiel-768x250.jpg 768w, https:\/\/www.caceriascampodemontiel.com\/wp-content\/uploads\/2021\/03\/Slide-inversion-rural-Campo-de-Montiel-1536x499.jpg 1536w\" sizes=\"auto, (max-width: 1920px) 100vw, 1920px\" \/><div class=\"wp-block-cover__inner-container is-layout-flow wp-block-cover-is-layout-flow\">\n<h1 class=\"has-text-align-center wp-block-heading\">Investissement rural<\/h1>\n<\/div><\/div>\n\n<div class=\"wp-block-columns align-items-center is-layout-flex wp-container-core-columns-is-layout-9d6595d7 wp-block-columns-is-layout-flex\">\n<div class=\"wp-block-column is-layout-flow wp-block-column-is-layout-flow\">\n<figure class=\"wp-block-image size-large\"><img loading=\"lazy\" decoding=\"async\" width=\"688\" height=\"742\" src=\"https:\/\/www.caceriascampodemontiel.com\/wp-content\/uploads\/2021\/04\/Red-Natura-2000-Campo-de-Montiel.jpg\" alt=\"\" class=\"wp-image-3180\" srcset=\"https:\/\/www.caceriascampodemontiel.com\/wp-content\/uploads\/2021\/04\/Red-Natura-2000-Campo-de-Montiel.jpg 688w, https:\/\/www.caceriascampodemontiel.com\/wp-content\/uploads\/2021\/04\/Red-Natura-2000-Campo-de-Montiel-278x300.jpg 278w\" sizes=\"auto, (max-width: 688px) 100vw, 688px\" \/><\/figure>\n<\/div>\n\n\n\n<div class=\"wp-block-column is-layout-flow wp-block-column-is-layout-flow\">\n<h3 class=\"wp-block-heading\">R\u00e9seau natura 2000<\/h3>\n\n\n\n<p>La red NATURA 2000 es un ejemplo claro del compromiso europeo con la biodiversidad y el medio RURAL. Esta protecci\u00f3n tan especial de la naturaleza, fue creada para la gesti\u00f3n de la conservaci\u00f3n de los espacios naturales de inter\u00e9s comunitario en Europa.\u00a0Espa\u00f1a, tiene aproximadamente el 30% de todos estos espacios naturales de la Red Natura 2000 repartidos por toda la pen\u00ednsula ib\u00e9rica, discurriendo tal extensi\u00f3n entre las poblaciones rurales alejadas de la urbe. La propia Directiva H\u00e1bitats de la Red Natura 2000, asume que <strong>&lt;&lt; los \u00e9xitos y resultados de tal gesti\u00f3n, se deben principalmente a la participaci\u00f3n activa de las personas rurales que conviven en estos espacios naturales tan emblem\u00e1ticos &gt;&gt;<\/strong>, por ello, se establece que las medidas a adoptar \u201ctendr\u00e1n en cuenta las exigencias econ\u00f3micas, sociales y culturales, as\u00ed como las particularidades regionales y locales de \u00e1mbito rural\u201d, promoviendo principalmente el desarrollo en las zonas rurales con actividades econ\u00f3micas ligadas a los espacios protegidos, como labores de silvicultura, tur\u00edsticas, recreativas, actividades agrarias, caza, etc.<\/p>\n\n\n\n<p>Sur la base de ce qui pr\u00e9c\u00e8de, en espagne, 87% du territoire espagnol est d\u00e9clar\u00e9 \u00e0 usage de chasse, ce qui repr\u00e9sente 43,8 millions d&rsquo;hectares, r\u00e9partis dans 32.817 r\u00e9serves de chasse qui collaborent directement au r\u00e9seau natura 2000, situ\u00e9es principalement dans des zones rurales d\u00e9favoris\u00e9es dont les principaux moteurs \u00e9conomiques sont l&rsquo;agriculture, la chasse et l&rsquo;\u00e9levage.<\/p>\n<\/div>\n<\/div>\n\n<div class=\"wp-block-columns align-items-center flex-sm-column-reverse-02 is-layout-flex wp-container-core-columns-is-layout-9d6595d7 wp-block-columns-is-layout-flex\">\n<div class=\"wp-block-column is-layout-flow wp-block-column-is-layout-flow\">\n<h3 class=\"wp-block-heading\">Rapport de chasse socio-\u00e9conomique<\/h3>\n\n\n\n<p>Selon le premier rapport socio-\u00e9conomique sur la chasse en espagne, fourni par la soci\u00e9t\u00e9 de r\u00e9f\u00e9rence deloitte pour la fondation artemisan, l&rsquo;activit\u00e9 de chasse g\u00e9n\u00e8re plus de 6.475 millions d&rsquo;euros \/ an et cr\u00e9e 187.000 emplois dans le domaine rural. Ces donn\u00e9es montrent \u00e9galement le chiffre de 300 millions d&rsquo;euros annuels d&rsquo;investissements directs pour la conservation et la maintenance par les gestionnaires de jeux priv\u00e9s, qui r\u00e9alisent ces gros investissements dans le milieu naturel, b\u00e9n\u00e9ficiant ainsi aux budgets \u00e9conomiques annuels destin\u00e9s \u00e0 ces fins de nos gouvernements.<\/p>\n\n\n\n<p>Compte tenu de ce qui pr\u00e9c\u00e8de, l&rsquo;espagne est la principale destination du tourisme de chasse choisie par les personnes int\u00e9ress\u00e9es du monde entier, qui recherchent la chasse et la biodiversit\u00e9 dans notre pays.<\/p>\n\n\n\n<div class=\"wp-block-buttons is-layout-flex wp-block-buttons-is-layout-flex\">\n<div class=\"wp-block-button\"><a class=\"wp-block-button__link\" href=\"https:\/\/www.caceriascampodemontiel.com\/wp-content\/uploads\/2021\/03\/ESTUDIO-COMPLETO-ESPAN&#x303;A-INFORME-SOCIO-ECONO&#x301;MICO-DE-LA-CAZA.pdf\" target=\"_blank\" rel=\"noreferrer noopener\"><span class=\"has-inline-color has-white-color\">Descargar informe<\/span><\/a><\/div>\n<\/div>\n<\/div>\n\n\n\n<div class=\"wp-block-column is-layout-flow wp-block-column-is-layout-flow\">\n<figure class=\"wp-block-image size-large\"><img decoding=\"async\" src=\"https:\/\/www.caceriascampodemontiel.com\/wp-content\/uploads\/2021\/03\/Informe-socio-econo&#x301;mico-de-la-caza-Campo-de-Montiel.jpg\" alt=\"\" class=\"wp-image-1728\"\/><\/figure>\n<\/div>\n<\/div>\n\n<div class=\"wp-block-columns align-items-center flex-sm-column-reverse-02 is-layout-flex wp-container-core-columns-is-layout-9d6595d7 wp-block-columns-is-layout-flex\">\n<div class=\"wp-block-column is-layout-flow wp-block-column-is-layout-flow\">\n<h3 class=\"wp-block-heading\">Notre contribution au monde rural<\/h3>\n\n\n\n<p>Chez cacer\u00edas campo de montiel, nous investissons beaucoup d&rsquo;efforts et d&rsquo;argent dans les champs, la chasse et la conservation. C&rsquo;est pourquoi nous sommes tr\u00e8s fiers de contribuer \u00e0 l&rsquo;\u00e9conomie rurale de la r\u00e9gion, \u00e9tant de grands connaisseurs qu&rsquo;ici, dans ces zones d\u00e9favoris\u00e9es, la chasse a toujours beaucoup contribu\u00e9, contribuant ainsi \u00e0 l&rsquo;\u00e9conomie rurale de la r\u00e9gion.<\/p>\n\n\n\n<p> <\/p>\n\n\n\n<p>Pour chaque euro que les chasseurs apportent pendant leurs jours de chasse, une partie de cet argent est destin\u00e9e \u00e0 la gestion de la chasse et, \u00e0 la fois, nous investissons dans l&rsquo;environnement naturel et la conservation de toutes les esp\u00e8ces, en nourrissant les esp\u00e8ces chasseuses et non chasseuses, y compris prot\u00e9g\u00e9es et les esp\u00e8ces en voie d&rsquo;extinction.<\/p>\n\n\n\n<p><strong>\u00a1\u00a1\u00a1\u00a1La caza es vida, viva la caza!!!!<\/strong><\/p>\n<\/div>\n\n\n\n<div class=\"wp-block-column is-layout-flow wp-block-column-is-layout-flow\">\n<figure class=\"wp-block-image size-large\"><img decoding=\"async\" src=\"https:\/\/www.caceriascampodemontiel.com\/wp-content\/uploads\/2021\/03\/Aportacio&#x301;n-al-mundo-rural-Campo-de-Montiel.jpg\" alt=\"\" class=\"wp-image-1635\"\/><\/figure>\n<\/div>\n<\/div>\n\n<div class=\"wp-block-columns align-items-center is-layout-flex wp-container-core-columns-is-layout-9d6595d7 wp-block-columns-is-layout-flex\">\n<div class=\"wp-block-column is-layout-flow wp-block-column-is-layout-flow\">\n<figure class=\"wp-block-image size-large\"><img loading=\"lazy\" decoding=\"async\" width=\"688\" height=\"742\" src=\"https:\/\/www.caceriascampodemontiel.com\/wp-content\/uploads\/2021\/03\/Ofrecemos-trabajo-Campo-de-Montiel.jpg\" alt=\"\" class=\"wp-image-1643\" srcset=\"https:\/\/www.caceriascampodemontiel.com\/wp-content\/uploads\/2021\/03\/Ofrecemos-trabajo-Campo-de-Montiel.jpg 688w, https:\/\/www.caceriascampodemontiel.com\/wp-content\/uploads\/2021\/03\/Ofrecemos-trabajo-Campo-de-Montiel-278x300.jpg 278w\" sizes=\"auto, (max-width: 688px) 100vw, 688px\" \/><\/figure>\n<\/div>\n\n\n\n<div class=\"wp-block-column is-layout-flow wp-block-column-is-layout-flow\">\n<h3 class=\"wp-block-heading\">Nous offrons des emplois<\/h3>\n\n\n\n<p>Pour mener \u00e0 bien notre gestion, nous offrons des emplois aux populations rurales, en effectuant des t\u00e2ches telles que guides, gardiens, \u00e9claireurs, chargeurs, secr\u00e9taires, chauffeurs, cuisiniers, nettoyeurs, armuriers, agricoles, entretien, etc &#8230; Une journ\u00e9e de fouille de perdrix requiert environ 60 personnes.<\/p>\n<\/div>\n<\/div>\n\n<div class=\"wp-block-columns align-items-center flex-sm-column-reverse-02 is-layout-flex wp-container-core-columns-is-layout-9d6595d7 wp-block-columns-is-layout-flex\">\n<div class=\"wp-block-column is-layout-flow wp-block-column-is-layout-flow\">\n<h3 class=\"wp-block-heading\">Nous attirons le tourisme<\/h3>\n\n\n\n<p>Nous contribuons \u00e0 l&rsquo;\u00e9conomie rurale de la r\u00e9gion pendant 6 mois de l&rsquo;ann\u00e9e, nous attirons le tourisme de chasse d&rsquo;autres villes et d&rsquo;autres pays, qui s\u00e9journent dans des h\u00f4tels, des auberges et des maisons rurales de la r\u00e9gion, fournissant \u00e9galement de bons revenus aux bars, caf\u00e9s, restaurants et autres&#8230;<\/p>\n<\/div>\n\n\n\n<div class=\"wp-block-column is-layout-flow wp-block-column-is-layout-flow\">\n<figure class=\"wp-block-image size-large\"><img loading=\"lazy\" decoding=\"async\" width=\"688\" height=\"742\" src=\"https:\/\/www.caceriascampodemontiel.com\/wp-content\/uploads\/2021\/03\/Generamos-turismo-Campo-de-Montiel.jpg\" alt=\"\" class=\"wp-image-1648\" srcset=\"https:\/\/www.caceriascampodemontiel.com\/wp-content\/uploads\/2021\/03\/Generamos-turismo-Campo-de-Montiel.jpg 688w, https:\/\/www.caceriascampodemontiel.com\/wp-content\/uploads\/2021\/03\/Generamos-turismo-Campo-de-Montiel-278x300.jpg 278w\" sizes=\"auto, (max-width: 688px) 100vw, 688px\" \/><\/figure>\n<\/div>\n<\/div>\n\n<div class=\"wp-block-columns align-items-center flex-sm-column-reverse-02 is-layout-flex wp-container-core-columns-is-layout-9d6595d7 wp-block-columns-is-layout-flex\">\n<div class=\"wp-block-column is-layout-flow wp-block-column-is-layout-flow\">\n<h3 class=\"wp-block-heading\">Nous soutenons les petites entreprises<\/h3>\n\n\n\n<p>Pour chaque euro vers\u00e9 par nos chasseurs, nous investissons \u00e0 notre tour dans les services des petites entreprises de la r\u00e9gion, boucheries, supermarch\u00e9s, m\u00e9caniciens, boulangeries, v\u00eatements, ma\u00e7onnerie, plomberie, \u00e9lectricit\u00e9, menuiserie, magasin de c\u00e9r\u00e9ales, quincaillerie, entre autres.<\/p>\n\n\n\n<p>Si notre entreprise re\u00e7oit des chasseurs et des revenus, ces revenus sont distribu\u00e9s directement et indirectement \u00e0 toutes ces petites entreprises rurales de la commune et des environs, \u00e9videmment.<\/p>\n<\/div>\n\n\n\n<div class=\"wp-block-column is-layout-flow wp-block-column-is-layout-flow\">\n<figure class=\"wp-block-image size-large\"><img decoding=\"async\" src=\"https:\/\/www.caceriascampodemontiel.com\/wp-content\/uploads\/2021\/03\/Apoyo-al-pequen&#x303;o-comercio-Campo-de-Montiel.jpg\" alt=\"\" class=\"wp-image-1654\"\/><\/figure>\n<\/div>\n<\/div>\n\n<div class=\"wp-block-columns align-items-center is-layout-flex wp-container-core-columns-is-layout-9d6595d7 wp-block-columns-is-layout-flex\">\n<div class=\"wp-block-column is-layout-flow wp-block-column-is-layout-flow\">\n<figure class=\"wp-block-image size-large\"><img loading=\"lazy\" decoding=\"async\" width=\"688\" height=\"742\" src=\"https:\/\/www.caceriascampodemontiel.com\/wp-content\/uploads\/2021\/03\/Comida-y-agua-perdices-Campo-de-Montiel.jpg\" alt=\"\" class=\"wp-image-1697\" srcset=\"https:\/\/www.caceriascampodemontiel.com\/wp-content\/uploads\/2021\/03\/Comida-y-agua-perdices-Campo-de-Montiel.jpg 688w, https:\/\/www.caceriascampodemontiel.com\/wp-content\/uploads\/2021\/03\/Comida-y-agua-perdices-Campo-de-Montiel-278x300.jpg 278w\" sizes=\"auto, (max-width: 688px) 100vw, 688px\" \/><\/figure>\n<\/div>\n\n\n\n<div class=\"wp-block-column is-layout-flow wp-block-column-is-layout-flow\">\n<h3 class=\"wp-block-heading\">Eau et alimentation \u201cpour tous les animaux\u201d<\/h3>\n\n\n\n<p>Notre gestion de la chasse int\u00e8gre l\u2019ensemencement de c\u00e9r\u00e9ales \u00e9cologiques l\u00e0 o\u00f9 il le faut, et l\u2019approvisionnement en eau et en nourriture l\u00e0 o\u00f9 elles n\u2019abondent pas, ce qui permet de couvrir les besoins en nourriture, en eau et en protection.<\/p>\n\n\n\n<p> <\/p>\n\n\n\n<p> <\/p>\n<\/div>\n<\/div>\n\n<div class=\"wp-block-columns align-items-center flex-sm-column-reverse-02 is-layout-flex wp-container-core-columns-is-layout-9d6595d7 wp-block-columns-is-layout-flex\">\n<div class=\"wp-block-column is-layout-flow wp-block-column-is-layout-flow\">\n<h3 class=\"wp-block-heading\">Construction d&rsquo;abris naturels<\/h3>\n\n\n\n<p>Construire des abris est une option tr\u00e8s judicieuse en ce qui concerne l\u2019incubation des nids et la protection des perdrix jeunes et sans d\u00e9fense face aux rapaces et aux autres pr\u00e9dateurs.<\/p>\n\n\n\n<p> <\/p>\n<\/div>\n\n\n\n<div class=\"wp-block-column is-layout-flow wp-block-column-is-layout-flow\">\n<figure class=\"wp-block-image size-large\"><img loading=\"lazy\" decoding=\"async\" width=\"688\" height=\"742\" src=\"https:\/\/www.caceriascampodemontiel.com\/wp-content\/uploads\/2021\/03\/Refugios-naturales-de-caza-Campo-de-Montiel.jpg\" alt=\"\" class=\"wp-image-1694\" srcset=\"https:\/\/www.caceriascampodemontiel.com\/wp-content\/uploads\/2021\/03\/Refugios-naturales-de-caza-Campo-de-Montiel.jpg 688w, https:\/\/www.caceriascampodemontiel.com\/wp-content\/uploads\/2021\/03\/Refugios-naturales-de-caza-Campo-de-Montiel-278x300.jpg 278w\" sizes=\"auto, (max-width: 688px) 100vw, 688px\" \/><\/figure>\n<\/div>\n<\/div>\n\n<div class=\"wp-block-columns align-items-center flex-sm-column-reverse-02 is-layout-flex wp-container-core-columns-is-layout-9d6595d7 wp-block-columns-is-layout-flex\">\n<div class=\"wp-block-column is-layout-flow wp-block-column-is-layout-flow\">\n<h3 class=\"wp-block-heading\">Entretien des chemis de nos propri\u00e9t\u00e9s<\/h3>\n\n\n\n<p>Nous entretenons r\u00e9guli\u00e8rement les chemins situ\u00e9s \u00e0 l\u2019int\u00e9rieur de nos propri\u00e9t\u00e9s de chasse, car les voies d\u2019acc\u00e8s sont indispensables pour atteindre toutes les zones sans contrainte et pour r\u00e9aliser une bonne gestion.<\/p>\n<\/div>\n\n\n\n<div class=\"wp-block-column is-layout-flow wp-block-column-is-layout-flow\">\n<figure class=\"wp-block-image size-large\"><img loading=\"lazy\" decoding=\"async\" width=\"688\" height=\"742\" src=\"https:\/\/www.caceriascampodemontiel.com\/wp-content\/uploads\/2021\/03\/Arreglo-de-caminos-rurales-Campo-de-Montiel.jpg\" alt=\"\" class=\"wp-image-1691\" srcset=\"https:\/\/www.caceriascampodemontiel.com\/wp-content\/uploads\/2021\/03\/Arreglo-de-caminos-rurales-Campo-de-Montiel.jpg 688w, https:\/\/www.caceriascampodemontiel.com\/wp-content\/uploads\/2021\/03\/Arreglo-de-caminos-rurales-Campo-de-Montiel-278x300.jpg 278w\" sizes=\"auto, (max-width: 688px) 100vw, 688px\" \/><\/figure>\n<\/div>\n<\/div>\n\n<div class=\"wp-block-columns align-items-center is-layout-flex wp-container-core-columns-is-layout-9d6595d7 wp-block-columns-is-layout-flex\">\n<div class=\"wp-block-column is-layout-flow wp-block-column-is-layout-flow\">\n<figure class=\"wp-block-image size-large\"><img loading=\"lazy\" decoding=\"async\" width=\"688\" height=\"742\" src=\"https:\/\/www.caceriascampodemontiel.com\/wp-content\/uploads\/2021\/03\/Control-de-depredadores-Campo-de-Montiel.jpg\" alt=\"\" class=\"wp-image-1688\" srcset=\"https:\/\/www.caceriascampodemontiel.com\/wp-content\/uploads\/2021\/03\/Control-de-depredadores-Campo-de-Montiel.jpg 688w, https:\/\/www.caceriascampodemontiel.com\/wp-content\/uploads\/2021\/03\/Control-de-depredadores-Campo-de-Montiel-278x300.jpg 278w\" sizes=\"auto, (max-width: 688px) 100vw, 688px\" \/><\/figure>\n<\/div>\n\n\n\n<div class=\"wp-block-column is-layout-flow wp-block-column-is-layout-flow\">\n<h3 class=\"wp-block-heading\">Nous contr\u00f4lons la surpopulation des pr\u00e9dateurs<\/h3>\n\n\n\n<p>Nos propri\u00e9t\u00e9s sont g\u00e9r\u00e9es 365 jours par an par nos gardiens, ce qui nous permet de fournir le soutien, l\u2019entretien et les soins n\u00e9cessaires pour une bonne gestion de la chasse et pour un contr\u00f4le des pr\u00e9dateurs efficace et indispensable, avec les autorisations administratives correspondantes, afin de pouvoir garantir la nouvelle saison.<\/p>\n\n\n\n<p> <\/p>\n<\/div>\n<\/div>\n\n<div class=\"wp-block-columns align-items-center flex-sm-column-reverse-02 is-layout-flex wp-container-core-columns-is-layout-9d6595d7 wp-block-columns-is-layout-flex\">\n<div class=\"wp-block-column is-layout-flow wp-block-column-is-layout-flow\">\n<h3 class=\"wp-block-heading\">Nous contr\u00f4lons les dommages agricoles et r\u00e9duisons les accidents de la circulation<\/h3>\n\n\n\n<p>Nous \u00e9vitons autant que possible, la propagation des d\u00e9g\u00e2ts agricoles caus\u00e9s par les lapins et les sangliers dans les cultures agricoles, olives, vignes et autres cultures, si pr\u00e9sentes dans ces zones rurales.<\/p>\n\n\n\n<p>Avec le contr\u00f4le de la surpopulation de renards et de sangliers, nous parvenons \u00e0 r\u00e9duire de nombreux accidents de la route.<\/p>\n<\/div>\n\n\n\n<div class=\"wp-block-column is-layout-flow wp-block-column-is-layout-flow\">\n<figure class=\"wp-block-image size-large\"><img decoding=\"async\" src=\"https:\/\/www.caceriascampodemontiel.com\/wp-content\/uploads\/2021\/03\/Controlamos-los-dan&#x303;os-agri&#x301;colas-y-reducimos-los-accidentes-de-trafico-Campo-de-Montiel.jpg\" alt=\"\" class=\"wp-image-1683\"\/><\/figure>\n<\/div>\n<\/div>\n\n<div class=\"wp-block-columns align-items-center flex-sm-column-reverse-02 is-layout-flex wp-container-core-columns-is-layout-9d6595d7 wp-block-columns-is-layout-flex\">\n<div class=\"wp-block-column is-layout-flow wp-block-column-is-layout-flow\">\n<h3 class=\"wp-block-heading\">Nous favorisons l&rsquo;\u00e9levage d&rsquo;esp\u00e8ces prot\u00e9g\u00e9es<\/h3>\n\n\n\n<p>Pour chaque euro apport\u00e9 par nos chasseurs, nous menons une gestion durable de la chasse 365 jours par an, contribuant au d\u00e9veloppement de toutes les esp\u00e8ces, nourrissant le gibier et les esp\u00e8ces non giboyeuses, y compris les esp\u00e8ces prot\u00e9g\u00e9es et en voie d&rsquo;extinction, qui visitent nos fermes presque quotidiennement \u00e0 la recherche de nourriture, d&rsquo;eau et de tranquillit\u00e9.<\/p>\n\n\n\n<p><strong>Alimentamos a 58 especies de depredadores, fomentando la cr\u00eda de especies protegidas.<\/strong><\/p>\n\n\n\n<p>Nous nourrissons 58 esp\u00e8ces de pr\u00e9dateurs, en favorisant l&rsquo;\u00e9levage d&rsquo;esp\u00e8ces prot\u00e9g\u00e9es.<\/p>\n\n\n\n<p>Les chasseurs sont de vrais \u00e9cologues, car nous faisons gratuitement ce que les autres font en le facturant.<\/p>\n\n\n\n<div class=\"wp-block-buttons is-layout-flex wp-block-buttons-is-layout-flex\">\n<div class=\"wp-block-button\"><a class=\"wp-block-button__link\" href=\"https:\/\/www.youtube.com\/watch?v=ceTc8mjPmYM\" target=\"_blank\" rel=\"noreferrer noopener\"><span class=\"has-inline-color has-white-color\">Ver v\u00eddeo<\/span><\/a><\/div>\n<\/div>\n<\/div>\n\n\n\n<div class=\"wp-block-column is-layout-flow wp-block-column-is-layout-flow\">\n<figure class=\"wp-block-image size-large\"><img loading=\"lazy\" decoding=\"async\" width=\"688\" height=\"742\" src=\"https:\/\/www.caceriascampodemontiel.com\/wp-content\/uploads\/2021\/03\/fomento-de-la-cria-de-especies-protegidas-Campo-de-Montiel.jpg\" alt=\"\" class=\"wp-image-1703\" srcset=\"https:\/\/www.caceriascampodemontiel.com\/wp-content\/uploads\/2021\/03\/fomento-de-la-cria-de-especies-protegidas-Campo-de-Montiel.jpg 688w, https:\/\/www.caceriascampodemontiel.com\/wp-content\/uploads\/2021\/03\/fomento-de-la-cria-de-especies-protegidas-Campo-de-Montiel-278x300.jpg 278w\" sizes=\"auto, (max-width: 688px) 100vw, 688px\" \/><\/figure>\n<\/div>\n<\/div>\n\n<div class=\"wp-block-columns align-items-center is-layout-flex wp-container-core-columns-is-layout-9d6595d7 wp-block-columns-is-layout-flex\">\n<div class=\"wp-block-column is-layout-flow wp-block-column-is-layout-flow\">\n<figure class=\"wp-block-image size-large\"><img loading=\"lazy\" decoding=\"async\" width=\"688\" height=\"742\" src=\"https:\/\/www.caceriascampodemontiel.com\/wp-content\/uploads\/2021\/03\/Contratamos-arrendamientos-rurales-Campo-de-Montiel.jpg\" alt=\"\" class=\"wp-image-1707\" srcset=\"https:\/\/www.caceriascampodemontiel.com\/wp-content\/uploads\/2021\/03\/Contratamos-arrendamientos-rurales-Campo-de-Montiel.jpg 688w, https:\/\/www.caceriascampodemontiel.com\/wp-content\/uploads\/2021\/03\/Contratamos-arrendamientos-rurales-Campo-de-Montiel-278x300.jpg 278w\" sizes=\"auto, (max-width: 688px) 100vw, 688px\" \/><\/figure>\n<\/div>\n\n\n\n<div class=\"wp-block-column is-layout-flow wp-block-column-is-layout-flow\">\n<h3 class=\"wp-block-heading\">Nous signons des baux ruraux<\/h3>\n\n\n\n<p>Cacer\u00edas campo de montiel sl, acquiert les droits de chasse des r\u00e9serves en signant un contrat priv\u00e9 avec chacun des propri\u00e9taires priv\u00e9s ou des associations mixtes des terres de chaque municipalit\u00e9, payant ainsi un bail annuel des terres cibles, avec leurs imp\u00f4ts respectifs.<\/p>\n\n\n\n<p>En plus de ce qui pr\u00e9c\u00e8de, pour chaque terrain de chasse, nous payons un important droit d&rsquo;inscription annuel dans la mairie de la municipalit\u00e9 et un autre droit au conseil, avec leurs taxes respectives.&#13;\n<\/p>\n\n\n\n<p>La location des terrains de chasse, nous supposent beaucoup de d\u00e9marches administratives desquelles d\u00e9coulent d&rsquo;abondantes taxes et redevances.<\/p>\n<\/div>\n<\/div>\n\n<div class=\"wp-block-columns align-items-center flex-sm-column-reverse-02 is-layout-flex wp-container-core-columns-is-layout-9d6595d7 wp-block-columns-is-layout-flex\">\n<div class=\"wp-block-column is-layout-flow wp-block-column-is-layout-flow\">\n<h3 class=\"wp-block-heading\">Nous surveillons le terrain 24 heures, 365 jours \u00e0 l&rsquo;ann\u00e9e<\/h3>\n\n\n\n<p>Nous effectuons un travail de surveillance contre les braconniers, \u00e9vitant ainsi les vols ruraux dans les maisons agricoles et les cultures. Nous effectuons \u00e9galement une surveillance d&rsquo;incendie et un contr\u00f4le d&rsquo;alerte sanitaire contre les maladies animales facilement propag\u00e9es, telles que la tuberculose, la gale, la peste porcine, la rage, la brucellose et bien d&rsquo;autres, alertant ainsi les autorit\u00e9s.<\/p>\n<\/div>\n\n\n\n<div class=\"wp-block-column is-layout-flow wp-block-column-is-layout-flow\">\n<figure class=\"wp-block-image size-large\"><img loading=\"lazy\" decoding=\"async\" width=\"688\" height=\"742\" src=\"https:\/\/www.caceriascampodemontiel.com\/wp-content\/uploads\/2021\/03\/Vigilancia-del-campo-Campo-de-Montiel.jpg\" alt=\"\" class=\"wp-image-1710\" srcset=\"https:\/\/www.caceriascampodemontiel.com\/wp-content\/uploads\/2021\/03\/Vigilancia-del-campo-Campo-de-Montiel.jpg 688w, https:\/\/www.caceriascampodemontiel.com\/wp-content\/uploads\/2021\/03\/Vigilancia-del-campo-Campo-de-Montiel-278x300.jpg 278w\" sizes=\"auto, (max-width: 688px) 100vw, 688px\" \/><\/figure>\n<\/div>\n<\/div>\n<div class=\"wp-block-nextend-smartslider3\"><\/div>\r\n<section id=\"bloque-cazas\">\n\t<div class=\"container-fluid\">\n\t\t<div class=\"row justify-content-center\">\t\t\n\t\t\t<div class=\"col-md-4 bloque text-center bg-ojeo align-items-center\"> \t\t\t\t\n\t\t\t\t<a href=\"\/caza-de-perdiz-roja\/ojeo-de-perdiz-roja\/\" title=\"Ojeo de Perdiz Roja\">\n\t\t\t\t\t<div class=\"box d-flex align-items-center\">\n\t\t\t\t\t\t<h2>Ojeo de Perdiz Roja<\/h2>\n\t\t\t\t\t\t<hr>\n\t\t\t\t\t\t<p>Tenemos m\u00e1s de 80 combinaciones diferentes de ojeos de perdiz roja, sin repetir la misma \u00e1rea de caza, con diferentes escenarios y diferentes tipos de orograf\u00eda.<\/p>\n\t\t\t\t\t\t<img decoding=\"async\" src=\"https:\/\/www.caceriascampodemontiel.com\/wp-content\/themes\/campodemontiel\/assets\/ico-pluma.svg\" class=\"img-fluid\" alt=\"Pluma\" title=\"Pluma\" \/> \n\t\t\t\t\t<\/div>\n\t\t\t\t<\/a>\n\t\t\t<\/div>\t\t\t\t\t\t\t\t\n\t\t\t<div class=\"col-md-4 bloque text-center bg-caza align-items-center\"> \t\t\t\t\n\t\t\t\t<a href=\"\/caza-de-perdiz-roja\/caza-en-mano-con-perros\/\" title=\"Caza en mano con perros\">\n\t\t\t\t\t<div class=\"box d-flex align-items-center\">\n\t\t\t\t\t\t<h2>Caza en mano con perros<\/h2>\n\t\t\t\t\t\t<hr>\n\t\t\t\t\t\t<p>La caza de perdiz al salto o en mano con perros, se puede combinar a medida con la caza de conejos o liebres. Jornadas inolvidables para disfrutar con amigos o clientes de empresa.<\/p>\n\t\t\t\t\t\t<img decoding=\"async\" src=\"https:\/\/www.caceriascampodemontiel.com\/wp-content\/themes\/campodemontiel\/assets\/ico-pluma.svg\" class=\"img-fluid\" alt=\"Pluma\" title=\"Pluma\" \/> \n\t\t\t\t\t<\/div>\n\t\t\t\t<\/a>\n\t\t\t<\/div>\t\t\t\t\t\n\t\t\t<div class=\"col-md-4 bloque text-center bg-otras align-items-center\"> \t\t\t\t\n\t\t\t\t<a href=\"\/otras-modalidades-de-caza\/\" title=\"Otras modalidades de caza\">\n\t\t\t\t\t<div class=\"box d-flex align-items-center\">\n\t\t\t\t\t\t<h2>Otras modalidades de caza<\/h2>\n\t\t\t\t\t\t<hr>\n\t\t\t\t\t\t<p>Caza mayor, aves migratorias, conejos y liebres, recechos y cetrer\u00eda.<\/p>\n\t\t\t\t\t\t<img decoding=\"async\" src=\"https:\/\/www.caceriascampodemontiel.com\/wp-content\/themes\/campodemontiel\/assets\/ico-pluma.svg\" class=\"img-fluid\" alt=\"Pluma\" title=\"Pluma\" \/> \n\t\t\t\t\t<\/div>\n\t\t\t\t<\/a>\n\t\t\t<\/div>\t\t\t\t\t\n\t\t<\/div>\n\t<\/div>\n<\/section>\n\n","protected":false},"excerpt":{"rendered":"<p>R\u00e9seau natura 2000 La red NATURA 2000 es un ejemplo claro del compromiso europeo con la biodiversidad y el medio RURAL. Esta protecci\u00f3n tan especial de la naturaleza, fue creada para la gesti\u00f3n de la conservaci\u00f3n de los espacios naturales de inter\u00e9s comunitario en Europa.\u00a0Espa\u00f1a, tiene aproximadamente el 30% de todos estos espacios naturales de [&hellip;]<\/p>\n","protected":false},"author":1,"featured_media":0,"parent":0,"menu_order":0,"comment_status":"closed","ping_status":"closed","template":"page-templates\/content-full.php","meta":{"inline_featured_image":false,"footnotes":""},"class_list":["post-3266","page","type-page","status-publish","hentry"],"yoast_head":"<!-- This site is optimized with the Yoast SEO plugin v27.4 - https:\/\/yoast.com\/product\/yoast-seo-wordpress\/ -->\n<title>Notre direction - Cacer\u00edas Campo de Montiel<\/title>\n<meta name=\"robots\" content=\"index, follow, max-snippet:-1, max-image-preview:large, max-video-preview:-1\" \/>\n<link rel=\"canonical\" href=\"https:\/\/www.caceriascampodemontiel.com\/inversion-rural\/\" \/>\n<meta property=\"og:locale\" content=\"fr_FR\" \/>\n<meta property=\"og:type\" content=\"article\" \/>\n<meta property=\"og:title\" content=\"Notre direction - Cacer\u00edas Campo de Montiel\" \/>\n<meta property=\"og:description\" content=\"R\u00e9seau natura 2000 La red NATURA 2000 es un ejemplo claro del compromiso europeo con la biodiversidad y el medio RURAL. Esta protecci\u00f3n tan especial de la naturaleza, fue creada para la gesti\u00f3n de la conservaci\u00f3n de los espacios naturales de inter\u00e9s comunitario en Europa.\u00a0Espa\u00f1a, tiene aproximadamente el 30% de todos estos espacios naturales de [&hellip;]\" \/>\n<meta property=\"og:url\" content=\"https:\/\/www.caceriascampodemontiel.com\/inversion-rural\/\" \/>\n<meta property=\"og:site_name\" content=\"Cacer\u00edas Campo de Montiel\" \/>\n<meta property=\"article:modified_time\" content=\"2021-05-05T06:13:34+00:00\" \/>\n<meta property=\"og:image\" content=\"https:\/\/www.caceriascampodemontiel.com\/wp-content\/uploads\/2021\/03\/Slide-inversion-rural-Campo-de-Montiel.jpg\" \/>\n<meta name=\"twitter:card\" content=\"summary_large_image\" \/>\n<meta name=\"twitter:label1\" content=\"Dur\u00e9e de lecture estim\u00e9e\" \/>\n\t<meta name=\"twitter:data1\" content=\"6 minutes\" \/>\n<script type=\"application\/ld+json\" class=\"yoast-schema-graph\">{\"@context\":\"https:\\\/\\\/schema.org\",\"@graph\":[{\"@type\":\"WebPage\",\"@id\":\"https:\\\/\\\/www.caceriascampodemontiel.com\\\/inversion-rural\\\/\",\"url\":\"https:\\\/\\\/www.caceriascampodemontiel.com\\\/inversion-rural\\\/\",\"name\":\"Notre direction - Cacer\u00edas Campo de Montiel\",\"isPartOf\":{\"@id\":\"https:\\\/\\\/www.caceriascampodemontiel.com\\\/#website\"},\"primaryImageOfPage\":{\"@id\":\"https:\\\/\\\/www.caceriascampodemontiel.com\\\/inversion-rural\\\/#primaryimage\"},\"image\":{\"@id\":\"https:\\\/\\\/www.caceriascampodemontiel.com\\\/inversion-rural\\\/#primaryimage\"},\"thumbnailUrl\":\"https:\\\/\\\/www.caceriascampodemontiel.com\\\/wp-content\\\/uploads\\\/2021\\\/03\\\/Slide-inversion-rural-Campo-de-Montiel.jpg\",\"datePublished\":\"2021-05-05T06:13:33+00:00\",\"dateModified\":\"2021-05-05T06:13:34+00:00\",\"breadcrumb\":{\"@id\":\"https:\\\/\\\/www.caceriascampodemontiel.com\\\/inversion-rural\\\/#breadcrumb\"},\"inLanguage\":\"fr-FR\",\"potentialAction\":[{\"@type\":\"ReadAction\",\"target\":[\"https:\\\/\\\/www.caceriascampodemontiel.com\\\/inversion-rural\\\/\"]}]},{\"@type\":\"ImageObject\",\"inLanguage\":\"fr-FR\",\"@id\":\"https:\\\/\\\/www.caceriascampodemontiel.com\\\/inversion-rural\\\/#primaryimage\",\"url\":\"https:\\\/\\\/www.caceriascampodemontiel.com\\\/wp-content\\\/uploads\\\/2021\\\/03\\\/Slide-inversion-rural-Campo-de-Montiel.jpg\",\"contentUrl\":\"https:\\\/\\\/www.caceriascampodemontiel.com\\\/wp-content\\\/uploads\\\/2021\\\/03\\\/Slide-inversion-rural-Campo-de-Montiel.jpg\"},{\"@type\":\"BreadcrumbList\",\"@id\":\"https:\\\/\\\/www.caceriascampodemontiel.com\\\/inversion-rural\\\/#breadcrumb\",\"itemListElement\":[{\"@type\":\"ListItem\",\"position\":1,\"name\":\"Home\",\"item\":\"https:\\\/\\\/www.caceriascampodemontiel.com\\\/fr\\\/accueil\\\/\"},{\"@type\":\"ListItem\",\"position\":2,\"name\":\"Notre direction\"}]},{\"@type\":\"WebSite\",\"@id\":\"https:\\\/\\\/www.caceriascampodemontiel.com\\\/#website\",\"url\":\"https:\\\/\\\/www.caceriascampodemontiel.com\\\/\",\"name\":\"Cacer\u00edas Campo de Montiel | Campo, caza y conservaci\u00f3n\",\"description\":\"Una tradici\u00f3n familiar desde 1971\",\"publisher\":{\"@id\":\"https:\\\/\\\/www.caceriascampodemontiel.com\\\/#organization\"},\"potentialAction\":[{\"@type\":\"SearchAction\",\"target\":{\"@type\":\"EntryPoint\",\"urlTemplate\":\"https:\\\/\\\/www.caceriascampodemontiel.com\\\/?s={search_term_string}\"},\"query-input\":{\"@type\":\"PropertyValueSpecification\",\"valueRequired\":true,\"valueName\":\"search_term_string\"}}],\"inLanguage\":\"fr-FR\"},{\"@type\":\"Organization\",\"@id\":\"https:\\\/\\\/www.caceriascampodemontiel.com\\\/#organization\",\"name\":\"Cacer\u00edas Campo de Montiel\",\"url\":\"https:\\\/\\\/www.caceriascampodemontiel.com\\\/\",\"logo\":{\"@type\":\"ImageObject\",\"inLanguage\":\"fr-FR\",\"@id\":\"https:\\\/\\\/www.caceriascampodemontiel.com\\\/#\\\/schema\\\/logo\\\/image\\\/\",\"url\":\"https:\\\/\\\/www.caceriascampodemontiel.com\\\/wp-content\\\/uploads\\\/2021\\\/02\\\/logo-cacerias-campo-de-montiel2-1.png\",\"contentUrl\":\"https:\\\/\\\/www.caceriascampodemontiel.com\\\/wp-content\\\/uploads\\\/2021\\\/02\\\/logo-cacerias-campo-de-montiel2-1.png\",\"width\":719,\"height\":194,\"caption\":\"Cacer\u00edas Campo de Montiel\"},\"image\":{\"@id\":\"https:\\\/\\\/www.caceriascampodemontiel.com\\\/#\\\/schema\\\/logo\\\/image\\\/\"}}]}<\/script>\n<!-- \/ Yoast SEO plugin. -->","yoast_head_json":{"title":"Notre direction - Cacer\u00edas Campo de Montiel","robots":{"index":"index","follow":"follow","max-snippet":"max-snippet:-1","max-image-preview":"max-image-preview:large","max-video-preview":"max-video-preview:-1"},"canonical":"https:\/\/www.caceriascampodemontiel.com\/inversion-rural\/","og_locale":"fr_FR","og_type":"article","og_title":"Notre direction - Cacer\u00edas Campo de Montiel","og_description":"R\u00e9seau natura 2000 La red NATURA 2000 es un ejemplo claro del compromiso europeo con la biodiversidad y el medio RURAL. Esta protecci\u00f3n tan especial de la naturaleza, fue creada para la gesti\u00f3n de la conservaci\u00f3n de los espacios naturales de inter\u00e9s comunitario en Europa.\u00a0Espa\u00f1a, tiene aproximadamente el 30% de todos estos espacios naturales de [&hellip;]","og_url":"https:\/\/www.caceriascampodemontiel.com\/inversion-rural\/","og_site_name":"Cacer\u00edas Campo de Montiel","article_modified_time":"2021-05-05T06:13:34+00:00","og_image":[{"url":"https:\/\/www.caceriascampodemontiel.com\/wp-content\/uploads\/2021\/03\/Slide-inversion-rural-Campo-de-Montiel.jpg","type":"","width":"","height":""}],"twitter_card":"summary_large_image","twitter_misc":{"Dur\u00e9e de lecture estim\u00e9e":"6 minutes"},"schema":{"@context":"https:\/\/schema.org","@graph":[{"@type":"WebPage","@id":"https:\/\/www.caceriascampodemontiel.com\/inversion-rural\/","url":"https:\/\/www.caceriascampodemontiel.com\/inversion-rural\/","name":"Notre direction - Cacer\u00edas Campo de Montiel","isPartOf":{"@id":"https:\/\/www.caceriascampodemontiel.com\/#website"},"primaryImageOfPage":{"@id":"https:\/\/www.caceriascampodemontiel.com\/inversion-rural\/#primaryimage"},"image":{"@id":"https:\/\/www.caceriascampodemontiel.com\/inversion-rural\/#primaryimage"},"thumbnailUrl":"https:\/\/www.caceriascampodemontiel.com\/wp-content\/uploads\/2021\/03\/Slide-inversion-rural-Campo-de-Montiel.jpg","datePublished":"2021-05-05T06:13:33+00:00","dateModified":"2021-05-05T06:13:34+00:00","breadcrumb":{"@id":"https:\/\/www.caceriascampodemontiel.com\/inversion-rural\/#breadcrumb"},"inLanguage":"fr-FR","potentialAction":[{"@type":"ReadAction","target":["https:\/\/www.caceriascampodemontiel.com\/inversion-rural\/"]}]},{"@type":"ImageObject","inLanguage":"fr-FR","@id":"https:\/\/www.caceriascampodemontiel.com\/inversion-rural\/#primaryimage","url":"https:\/\/www.caceriascampodemontiel.com\/wp-content\/uploads\/2021\/03\/Slide-inversion-rural-Campo-de-Montiel.jpg","contentUrl":"https:\/\/www.caceriascampodemontiel.com\/wp-content\/uploads\/2021\/03\/Slide-inversion-rural-Campo-de-Montiel.jpg"},{"@type":"BreadcrumbList","@id":"https:\/\/www.caceriascampodemontiel.com\/inversion-rural\/#breadcrumb","itemListElement":[{"@type":"ListItem","position":1,"name":"Home","item":"https:\/\/www.caceriascampodemontiel.com\/fr\/accueil\/"},{"@type":"ListItem","position":2,"name":"Notre direction"}]},{"@type":"WebSite","@id":"https:\/\/www.caceriascampodemontiel.com\/#website","url":"https:\/\/www.caceriascampodemontiel.com\/","name":"Cacer\u00edas Campo de Montiel | Campo, caza y conservaci\u00f3n","description":"Una tradici\u00f3n familiar desde 1971","publisher":{"@id":"https:\/\/www.caceriascampodemontiel.com\/#organization"},"potentialAction":[{"@type":"SearchAction","target":{"@type":"EntryPoint","urlTemplate":"https:\/\/www.caceriascampodemontiel.com\/?s={search_term_string}"},"query-input":{"@type":"PropertyValueSpecification","valueRequired":true,"valueName":"search_term_string"}}],"inLanguage":"fr-FR"},{"@type":"Organization","@id":"https:\/\/www.caceriascampodemontiel.com\/#organization","name":"Cacer\u00edas Campo de Montiel","url":"https:\/\/www.caceriascampodemontiel.com\/","logo":{"@type":"ImageObject","inLanguage":"fr-FR","@id":"https:\/\/www.caceriascampodemontiel.com\/#\/schema\/logo\/image\/","url":"https:\/\/www.caceriascampodemontiel.com\/wp-content\/uploads\/2021\/02\/logo-cacerias-campo-de-montiel2-1.png","contentUrl":"https:\/\/www.caceriascampodemontiel.com\/wp-content\/uploads\/2021\/02\/logo-cacerias-campo-de-montiel2-1.png","width":719,"height":194,"caption":"Cacer\u00edas Campo de Montiel"},"image":{"@id":"https:\/\/www.caceriascampodemontiel.com\/#\/schema\/logo\/image\/"}}]}},"_links":{"self":[{"href":"https:\/\/www.caceriascampodemontiel.com\/fr\/wp-json\/wp\/v2\/pages\/3266","targetHints":{"allow":["GET"]}}],"collection":[{"href":"https:\/\/www.caceriascampodemontiel.com\/fr\/wp-json\/wp\/v2\/pages"}],"about":[{"href":"https:\/\/www.caceriascampodemontiel.com\/fr\/wp-json\/wp\/v2\/types\/page"}],"author":[{"embeddable":true,"href":"https:\/\/www.caceriascampodemontiel.com\/fr\/wp-json\/wp\/v2\/users\/1"}],"replies":[{"embeddable":true,"href":"https:\/\/www.caceriascampodemontiel.com\/fr\/wp-json\/wp\/v2\/comments?post=3266"}],"version-history":[{"count":1,"href":"https:\/\/www.caceriascampodemontiel.com\/fr\/wp-json\/wp\/v2\/pages\/3266\/revisions"}],"predecessor-version":[{"id":3267,"href":"https:\/\/www.caceriascampodemontiel.com\/fr\/wp-json\/wp\/v2\/pages\/3266\/revisions\/3267"}],"wp:attachment":[{"href":"https:\/\/www.caceriascampodemontiel.com\/fr\/wp-json\/wp\/v2\/media?parent=3266"}],"curies":[{"name":"wp","href":"https:\/\/api.w.org\/{rel}","templated":true}]}}