{"id":3286,"date":"2021-05-05T06:15:00","date_gmt":"2021-05-05T06:15:00","guid":{"rendered":"https:\/\/www.caceriascampodemontiel.com\/notre-direction\/perdrix-rouge-autochtone\/"},"modified":"2025-10-01T09:48:44","modified_gmt":"2025-10-01T09:48:44","slug":"perdrix-rouge-autochtone","status":"publish","type":"page","link":"https:\/\/www.caceriascampodemontiel.com\/fr\/notre-direction\/perdrix-rouge-autochtone\/","title":{"rendered":"Perdrix rouge autochtone"},"content":{"rendered":"\r\n<div class=\"wp-block-cover is-light\">\r\n\r\n<img loading=\"lazy\" decoding=\"async\" width=\"1920\" height=\"713\" class=\"wp-block-cover__image-background wp-image-194\" style=\"object-position: 72% 26%;\" src=\"https:\/\/www.caceriascampodemontiel.com\/wp-content\/uploads\/2021\/03\/slider-perdiz-roja-brava.jpg\" alt=\"\" data-object-fit=\"cover\" data-object-position=\"72% 26%\" srcset=\"https:\/\/www.caceriascampodemontiel.com\/wp-content\/uploads\/2021\/03\/slider-perdiz-roja-brava.jpg 1920w, https:\/\/www.caceriascampodemontiel.com\/wp-content\/uploads\/2021\/03\/slider-perdiz-roja-brava-300x111.jpg 300w, https:\/\/www.caceriascampodemontiel.com\/wp-content\/uploads\/2021\/03\/slider-perdiz-roja-brava-1024x380.jpg 1024w, https:\/\/www.caceriascampodemontiel.com\/wp-content\/uploads\/2021\/03\/slider-perdiz-roja-brava-768x285.jpg 768w, https:\/\/www.caceriascampodemontiel.com\/wp-content\/uploads\/2021\/03\/slider-perdiz-roja-brava-1536x570.jpg 1536w\" sizes=\"auto, (max-width: 1920px) 100vw, 1920px\" \/>\r\n<div class=\"wp-block-cover__inner-container is-layout-flow wp-block-cover-is-layout-flow\">\r\n\r\n\r\n<h1 class=\"wp-block-heading has-text-align-center\">Perdrix rouge sauvage<\/h1>\r\n\r\n\r\n<\/div>\r\n<\/div>\r\n \r\n<div class=\"wp-block-columns is-layout-flex wp-container-core-columns-is-layout-9d6595d7 wp-block-columns-is-layout-flex\">\r\n\r\n\r\n<div class=\"wp-block-column is-layout-flow wp-block-column-is-layout-flow\"><\/div>\r\n\r\n\r\n<\/div>\r\n \r\n<div class=\"wp-block-columns align-items-center is-layout-flex wp-container-core-columns-is-layout-9d6595d7 wp-block-columns-is-layout-flex\">\r\n\r\n\r\n<div class=\"wp-block-column is-layout-flow wp-block-column-is-layout-flow\">\r\n\r\n\r\n<h3 class=\"wp-block-heading\">La gestion intensive de nos domaines, 365 jours par an, cr\u00e9e l\u2019habitat parfait pour la perdrix rouge.<\/h3>\r\n \r\n\r\nLa gestion intensive de nos domaines tout au long de l\u2019ann\u00e9e, ainsi que l\u2019extraordinaire biotope qui les caract\u00e9rise, forment une combinaison magnifique, cr\u00e9ant ainsi l\u2019habitat parfait pour la perdrix rouge, et indirectement aussi pour les lapins et les li\u00e8vres. Cette zone est tr\u00e8s propice aux pigeons, aux tourterelles, aux grives et \u00e0 d\u2019autres oiseaux des steppes, \u00e9galement tr\u00e8s abondants sur nos domaines.\r\n\r\n\r\n\r\n<\/div>\r\n \r\n<div class=\"wp-block-column is-layout-flow wp-block-column-is-layout-flow\">\r\n\r\n\r\n<figure class=\"wp-block-image size-large\"><img loading=\"lazy\" decoding=\"async\" width=\"688\" height=\"742\" class=\"wp-image-193\" src=\"https:\/\/www.caceriascampodemontiel.com\/wp-content\/uploads\/2021\/03\/perdiz-roja-brava-01.jpg\" alt=\"\" srcset=\"https:\/\/www.caceriascampodemontiel.com\/wp-content\/uploads\/2021\/03\/perdiz-roja-brava-01.jpg 688w, https:\/\/www.caceriascampodemontiel.com\/wp-content\/uploads\/2021\/03\/perdiz-roja-brava-01-278x300.jpg 278w\" sizes=\"auto, (max-width: 688px) 100vw, 688px\" \/><\/figure>\r\n\r\n\r\n<\/div>\r\n\r\n\r\n<\/div>\r\n \r\n<div class=\"wp-block-columns align-items-center is-layout-flex wp-container-core-columns-is-layout-9d6595d7 wp-block-columns-is-layout-flex\">\r\n\r\n\r\n<div class=\"wp-block-column is-layout-flow wp-block-column-is-layout-flow\">\r\n\r\n\r\n<figure class=\"wp-block-image size-large\"><img loading=\"lazy\" decoding=\"async\" width=\"688\" height=\"742\" class=\"wp-image-192\" src=\"https:\/\/www.caceriascampodemontiel.com\/wp-content\/uploads\/2021\/03\/perdiz-roja-brava-02.jpg\" alt=\"\" srcset=\"https:\/\/www.caceriascampodemontiel.com\/wp-content\/uploads\/2021\/03\/perdiz-roja-brava-02.jpg 688w, https:\/\/www.caceriascampodemontiel.com\/wp-content\/uploads\/2021\/03\/perdiz-roja-brava-02-278x300.jpg 278w\" sizes=\"auto, (max-width: 688px) 100vw, 688px\" \/><\/figure>\r\n\r\n\r\n<\/div>\r\n \r\n<div class=\"wp-block-column is-layout-flow wp-block-column-is-layout-flow\">\r\n\r\n\r\n\r\nLa perdrix rouge est l\u2019un des oiseaux les plus appr\u00e9ci\u00e9s et valoris\u00e9s par les chasseurs d\u2019\u00e9lite de tous les pays, qui choisissent l\u2019Espagne comme destination de chasse, r\u00e9put\u00e9e pour la bravoure de la perdrix rouge, unique au \u00ab monde \u00bb, et pour la beaut\u00e9 de ses paysages.\r\n\r\n \r\n\r\nL\u2019\u00e9levage de la perdrix rouge sauvage a suscit\u00e9 un grand int\u00e9r\u00eat au sein de la soci\u00e9t\u00e9 actuelle ainsi que des gouvernements espagnol et europ\u00e9en, tous deux \u00e0 parts \u00e9gales. Des mesures ont \u00e9t\u00e9 prises et des recherches, essais et \u00e9tudes scientifiques sont en cours, financ\u00e9s par le gouvernement espagnol et les institutions europ\u00e9ennes, auxquels notre organisation Cacer\u00edas Campo de Montiel S.L participe activement et pour lesquels elle a \u00e9t\u00e9 reconnue et r\u00e9compens\u00e9e comme l\u2019une des meilleures organisations de chasse en activit\u00e9 existant en Espagne. L\u2019objectif principal de ces projets est de restaurer la richesse g\u00e9n\u00e9tique de la perdrix rouge \u00e0 l\u2019\u00e9tat sauvage en Espagne, car elle constitue la pierre angulaire d\u2019une \u00e9conomie unique pour les personnes vivant dans les zones rurales d\u00e9favoris\u00e9es. De nombreuses \u00e9tudes montrent que le soin et l\u2019\u00e9levage de la perdrix rouge, associ\u00e9s \u00e0 une gestion rigoureuse 365 jours par an, favorisent la reproduction du lapin et du li\u00e8vre, qui constituent \u00e0 leur tour l\u2019essentiel de l\u2019alimentation de l\u2019aigle imp\u00e9rial ib\u00e9rique et du lynx ib\u00e9rique, entre autres esp\u00e8ces \u00e9galement en danger d\u2019extinction. Les \u00e9tudes et projets confirment que la survie du lynx ib\u00e9rique et de l\u2019aigle imp\u00e9rial ib\u00e9rique est plus \u00e9lev\u00e9e dans les domaines de chasse \u00e0 gestion priv\u00e9e que dans les r\u00e9serves administr\u00e9es par l\u2019administration publique espagnole.\r\n\r\n\r\n\r\n<\/div>\r\n\r\n\r\n<\/div>\r\n \r\n<div class=\"wp-block-nextend-smartslider3\"><\/div>","protected":false},"excerpt":{"rendered":"<p>La gestion intensive de nos domaines, 365 jours par an, cr\u00e9e l\u2019habitat parfait pour la perdrix rouge. La gestion intensive de nos domaines tout au long de l\u2019ann\u00e9e, ainsi que l\u2019extraordinaire biotope qui les caract\u00e9rise, forment une combinaison magnifique, cr\u00e9ant ainsi l\u2019habitat parfait pour la perdrix rouge, et indirectement aussi pour les lapins et les [&hellip;]<\/p>\n","protected":false},"author":1,"featured_media":0,"parent":3266,"menu_order":0,"comment_status":"closed","ping_status":"closed","template":"page-templates\/content-full.php","meta":{"inline_featured_image":false,"footnotes":""},"class_list":["post-3286","page","type-page","status-publish","hentry"],"yoast_head":"<!-- This site is optimized with the Yoast SEO plugin v27.4 - https:\/\/yoast.com\/product\/yoast-seo-wordpress\/ -->\n<title>Habitat de la perdrix rouge | Chasse | Campo de Montiel<\/title>\n<meta name=\"description\" content=\"Notre gestion constante cr\u00e9e un habitat parfait pour la perdrix rouge. D\u00e9couvrez la chasse de cette esp\u00e8ce\" \/>\n<meta name=\"robots\" content=\"index, follow, max-snippet:-1, max-image-preview:large, max-video-preview:-1\" \/>\n<link rel=\"canonical\" href=\"https:\/\/www.caceriascampodemontiel.com\/nuestra-gestion\/perdiz-roja-brava\/\" \/>\n<meta property=\"og:locale\" content=\"fr_FR\" \/>\n<meta property=\"og:type\" content=\"article\" \/>\n<meta property=\"og:title\" content=\"Habitat de la perdrix rouge | Chasse | Campo de Montiel\" \/>\n<meta property=\"og:description\" content=\"Notre gestion constante cr\u00e9e un habitat parfait pour la perdrix rouge. D\u00e9couvrez la chasse de cette esp\u00e8ce\" \/>\n<meta property=\"og:url\" content=\"https:\/\/www.caceriascampodemontiel.com\/nuestra-gestion\/perdiz-roja-brava\/\" \/>\n<meta property=\"og:site_name\" content=\"Cacer\u00edas Campo de Montiel\" \/>\n<meta property=\"article:modified_time\" content=\"2025-10-01T09:48:44+00:00\" \/>\n<meta property=\"og:image\" content=\"https:\/\/www.caceriascampodemontiel.com\/wp-content\/uploads\/2021\/03\/slider-perdiz-roja-brava.jpg\" \/>\n\t<meta property=\"og:image:width\" content=\"1920\" \/>\n\t<meta property=\"og:image:height\" content=\"713\" \/>\n\t<meta property=\"og:image:type\" content=\"image\/jpeg\" \/>\n<meta name=\"twitter:card\" content=\"summary_large_image\" \/>\n<meta name=\"twitter:label1\" content=\"Dur\u00e9e de lecture estim\u00e9e\" \/>\n\t<meta name=\"twitter:data1\" content=\"2 minutes\" \/>\n<script type=\"application\/ld+json\" class=\"yoast-schema-graph\">{\"@context\":\"https:\\\/\\\/schema.org\",\"@graph\":[{\"@type\":\"WebPage\",\"@id\":\"https:\\\/\\\/www.caceriascampodemontiel.com\\\/nuestra-gestion\\\/perdiz-roja-brava\\\/\",\"url\":\"https:\\\/\\\/www.caceriascampodemontiel.com\\\/nuestra-gestion\\\/perdiz-roja-brava\\\/\",\"name\":\"Habitat de la perdrix rouge | Chasse | Campo de Montiel\",\"isPartOf\":{\"@id\":\"https:\\\/\\\/www.caceriascampodemontiel.com\\\/#website\"},\"primaryImageOfPage\":{\"@id\":\"https:\\\/\\\/www.caceriascampodemontiel.com\\\/nuestra-gestion\\\/perdiz-roja-brava\\\/#primaryimage\"},\"image\":{\"@id\":\"https:\\\/\\\/www.caceriascampodemontiel.com\\\/nuestra-gestion\\\/perdiz-roja-brava\\\/#primaryimage\"},\"thumbnailUrl\":\"https:\\\/\\\/www.caceriascampodemontiel.com\\\/wp-content\\\/uploads\\\/2021\\\/03\\\/slider-perdiz-roja-brava.jpg\",\"datePublished\":\"2021-05-05T06:15:00+00:00\",\"dateModified\":\"2025-10-01T09:48:44+00:00\",\"description\":\"Notre gestion constante cr\u00e9e un habitat parfait pour la perdrix rouge. D\u00e9couvrez la chasse de cette esp\u00e8ce\",\"breadcrumb\":{\"@id\":\"https:\\\/\\\/www.caceriascampodemontiel.com\\\/nuestra-gestion\\\/perdiz-roja-brava\\\/#breadcrumb\"},\"inLanguage\":\"fr-FR\",\"potentialAction\":[{\"@type\":\"ReadAction\",\"target\":[\"https:\\\/\\\/www.caceriascampodemontiel.com\\\/nuestra-gestion\\\/perdiz-roja-brava\\\/\"]}]},{\"@type\":\"ImageObject\",\"inLanguage\":\"fr-FR\",\"@id\":\"https:\\\/\\\/www.caceriascampodemontiel.com\\\/nuestra-gestion\\\/perdiz-roja-brava\\\/#primaryimage\",\"url\":\"https:\\\/\\\/www.caceriascampodemontiel.com\\\/wp-content\\\/uploads\\\/2021\\\/03\\\/slider-perdiz-roja-brava.jpg\",\"contentUrl\":\"https:\\\/\\\/www.caceriascampodemontiel.com\\\/wp-content\\\/uploads\\\/2021\\\/03\\\/slider-perdiz-roja-brava.jpg\"},{\"@type\":\"BreadcrumbList\",\"@id\":\"https:\\\/\\\/www.caceriascampodemontiel.com\\\/nuestra-gestion\\\/perdiz-roja-brava\\\/#breadcrumb\",\"itemListElement\":[{\"@type\":\"ListItem\",\"position\":1,\"name\":\"Home\",\"item\":\"https:\\\/\\\/www.caceriascampodemontiel.com\\\/fr\\\/accueil\\\/\"},{\"@type\":\"ListItem\",\"position\":2,\"name\":\"Notre direction\",\"item\":\"https:\\\/\\\/www.caceriascampodemontiel.com\\\/inversion-rural\\\/\"},{\"@type\":\"ListItem\",\"position\":3,\"name\":\"Perdrix rouge autochtone\"}]},{\"@type\":\"WebSite\",\"@id\":\"https:\\\/\\\/www.caceriascampodemontiel.com\\\/#website\",\"url\":\"https:\\\/\\\/www.caceriascampodemontiel.com\\\/\",\"name\":\"Cacer\u00edas Campo de Montiel | Campo, caza y conservaci\u00f3n\",\"description\":\"Una tradici\u00f3n familiar desde 1971\",\"publisher\":{\"@id\":\"https:\\\/\\\/www.caceriascampodemontiel.com\\\/#organization\"},\"potentialAction\":[{\"@type\":\"SearchAction\",\"target\":{\"@type\":\"EntryPoint\",\"urlTemplate\":\"https:\\\/\\\/www.caceriascampodemontiel.com\\\/?s={search_term_string}\"},\"query-input\":{\"@type\":\"PropertyValueSpecification\",\"valueRequired\":true,\"valueName\":\"search_term_string\"}}],\"inLanguage\":\"fr-FR\"},{\"@type\":\"Organization\",\"@id\":\"https:\\\/\\\/www.caceriascampodemontiel.com\\\/#organization\",\"name\":\"Cacer\u00edas Campo de Montiel\",\"url\":\"https:\\\/\\\/www.caceriascampodemontiel.com\\\/\",\"logo\":{\"@type\":\"ImageObject\",\"inLanguage\":\"fr-FR\",\"@id\":\"https:\\\/\\\/www.caceriascampodemontiel.com\\\/#\\\/schema\\\/logo\\\/image\\\/\",\"url\":\"https:\\\/\\\/www.caceriascampodemontiel.com\\\/wp-content\\\/uploads\\\/2021\\\/02\\\/logo-cacerias-campo-de-montiel2-1.png\",\"contentUrl\":\"https:\\\/\\\/www.caceriascampodemontiel.com\\\/wp-content\\\/uploads\\\/2021\\\/02\\\/logo-cacerias-campo-de-montiel2-1.png\",\"width\":719,\"height\":194,\"caption\":\"Cacer\u00edas Campo de Montiel\"},\"image\":{\"@id\":\"https:\\\/\\\/www.caceriascampodemontiel.com\\\/#\\\/schema\\\/logo\\\/image\\\/\"}}]}<\/script>\n<!-- \/ Yoast SEO plugin. -->","yoast_head_json":{"title":"Habitat de la perdrix rouge | Chasse | Campo de Montiel","description":"Notre gestion constante cr\u00e9e un habitat parfait pour la perdrix rouge. D\u00e9couvrez la chasse de cette esp\u00e8ce","robots":{"index":"index","follow":"follow","max-snippet":"max-snippet:-1","max-image-preview":"max-image-preview:large","max-video-preview":"max-video-preview:-1"},"canonical":"https:\/\/www.caceriascampodemontiel.com\/nuestra-gestion\/perdiz-roja-brava\/","og_locale":"fr_FR","og_type":"article","og_title":"Habitat de la perdrix rouge | Chasse | Campo de Montiel","og_description":"Notre gestion constante cr\u00e9e un habitat parfait pour la perdrix rouge. D\u00e9couvrez la chasse de cette esp\u00e8ce","og_url":"https:\/\/www.caceriascampodemontiel.com\/nuestra-gestion\/perdiz-roja-brava\/","og_site_name":"Cacer\u00edas Campo de Montiel","article_modified_time":"2025-10-01T09:48:44+00:00","og_image":[{"width":1920,"height":713,"url":"https:\/\/www.caceriascampodemontiel.com\/wp-content\/uploads\/2021\/03\/slider-perdiz-roja-brava.jpg","type":"image\/jpeg"}],"twitter_card":"summary_large_image","twitter_misc":{"Dur\u00e9e de lecture estim\u00e9e":"2 minutes"},"schema":{"@context":"https:\/\/schema.org","@graph":[{"@type":"WebPage","@id":"https:\/\/www.caceriascampodemontiel.com\/nuestra-gestion\/perdiz-roja-brava\/","url":"https:\/\/www.caceriascampodemontiel.com\/nuestra-gestion\/perdiz-roja-brava\/","name":"Habitat de la perdrix rouge | Chasse | Campo de Montiel","isPartOf":{"@id":"https:\/\/www.caceriascampodemontiel.com\/#website"},"primaryImageOfPage":{"@id":"https:\/\/www.caceriascampodemontiel.com\/nuestra-gestion\/perdiz-roja-brava\/#primaryimage"},"image":{"@id":"https:\/\/www.caceriascampodemontiel.com\/nuestra-gestion\/perdiz-roja-brava\/#primaryimage"},"thumbnailUrl":"https:\/\/www.caceriascampodemontiel.com\/wp-content\/uploads\/2021\/03\/slider-perdiz-roja-brava.jpg","datePublished":"2021-05-05T06:15:00+00:00","dateModified":"2025-10-01T09:48:44+00:00","description":"Notre gestion constante cr\u00e9e un habitat parfait pour la perdrix rouge. D\u00e9couvrez la chasse de cette esp\u00e8ce","breadcrumb":{"@id":"https:\/\/www.caceriascampodemontiel.com\/nuestra-gestion\/perdiz-roja-brava\/#breadcrumb"},"inLanguage":"fr-FR","potentialAction":[{"@type":"ReadAction","target":["https:\/\/www.caceriascampodemontiel.com\/nuestra-gestion\/perdiz-roja-brava\/"]}]},{"@type":"ImageObject","inLanguage":"fr-FR","@id":"https:\/\/www.caceriascampodemontiel.com\/nuestra-gestion\/perdiz-roja-brava\/#primaryimage","url":"https:\/\/www.caceriascampodemontiel.com\/wp-content\/uploads\/2021\/03\/slider-perdiz-roja-brava.jpg","contentUrl":"https:\/\/www.caceriascampodemontiel.com\/wp-content\/uploads\/2021\/03\/slider-perdiz-roja-brava.jpg"},{"@type":"BreadcrumbList","@id":"https:\/\/www.caceriascampodemontiel.com\/nuestra-gestion\/perdiz-roja-brava\/#breadcrumb","itemListElement":[{"@type":"ListItem","position":1,"name":"Home","item":"https:\/\/www.caceriascampodemontiel.com\/fr\/accueil\/"},{"@type":"ListItem","position":2,"name":"Notre direction","item":"https:\/\/www.caceriascampodemontiel.com\/inversion-rural\/"},{"@type":"ListItem","position":3,"name":"Perdrix rouge autochtone"}]},{"@type":"WebSite","@id":"https:\/\/www.caceriascampodemontiel.com\/#website","url":"https:\/\/www.caceriascampodemontiel.com\/","name":"Cacer\u00edas Campo de Montiel | Campo, caza y conservaci\u00f3n","description":"Una tradici\u00f3n familiar desde 1971","publisher":{"@id":"https:\/\/www.caceriascampodemontiel.com\/#organization"},"potentialAction":[{"@type":"SearchAction","target":{"@type":"EntryPoint","urlTemplate":"https:\/\/www.caceriascampodemontiel.com\/?s={search_term_string}"},"query-input":{"@type":"PropertyValueSpecification","valueRequired":true,"valueName":"search_term_string"}}],"inLanguage":"fr-FR"},{"@type":"Organization","@id":"https:\/\/www.caceriascampodemontiel.com\/#organization","name":"Cacer\u00edas Campo de Montiel","url":"https:\/\/www.caceriascampodemontiel.com\/","logo":{"@type":"ImageObject","inLanguage":"fr-FR","@id":"https:\/\/www.caceriascampodemontiel.com\/#\/schema\/logo\/image\/","url":"https:\/\/www.caceriascampodemontiel.com\/wp-content\/uploads\/2021\/02\/logo-cacerias-campo-de-montiel2-1.png","contentUrl":"https:\/\/www.caceriascampodemontiel.com\/wp-content\/uploads\/2021\/02\/logo-cacerias-campo-de-montiel2-1.png","width":719,"height":194,"caption":"Cacer\u00edas Campo de Montiel"},"image":{"@id":"https:\/\/www.caceriascampodemontiel.com\/#\/schema\/logo\/image\/"}}]}},"_links":{"self":[{"href":"https:\/\/www.caceriascampodemontiel.com\/fr\/wp-json\/wp\/v2\/pages\/3286","targetHints":{"allow":["GET"]}}],"collection":[{"href":"https:\/\/www.caceriascampodemontiel.com\/fr\/wp-json\/wp\/v2\/pages"}],"about":[{"href":"https:\/\/www.caceriascampodemontiel.com\/fr\/wp-json\/wp\/v2\/types\/page"}],"author":[{"embeddable":true,"href":"https:\/\/www.caceriascampodemontiel.com\/fr\/wp-json\/wp\/v2\/users\/1"}],"replies":[{"embeddable":true,"href":"https:\/\/www.caceriascampodemontiel.com\/fr\/wp-json\/wp\/v2\/comments?post=3286"}],"version-history":[{"count":3,"href":"https:\/\/www.caceriascampodemontiel.com\/fr\/wp-json\/wp\/v2\/pages\/3286\/revisions"}],"predecessor-version":[{"id":3877,"href":"https:\/\/www.caceriascampodemontiel.com\/fr\/wp-json\/wp\/v2\/pages\/3286\/revisions\/3877"}],"up":[{"embeddable":true,"href":"https:\/\/www.caceriascampodemontiel.com\/fr\/wp-json\/wp\/v2\/pages\/3266"}],"wp:attachment":[{"href":"https:\/\/www.caceriascampodemontiel.com\/fr\/wp-json\/wp\/v2\/media?parent=3286"}],"curies":[{"name":"wp","href":"https:\/\/api.w.org\/{rel}","templated":true}]}}