{"id":3807,"date":"2024-08-05T08:01:35","date_gmt":"2024-08-05T08:01:35","guid":{"rendered":"https:\/\/www.caceriascampodemontiel.com\/accueil\/"},"modified":"2024-08-05T10:54:07","modified_gmt":"2024-08-05T10:54:07","slug":"accueil","status":"publish","type":"page","link":"https:\/\/www.caceriascampodemontiel.com\/fr\/","title":{"rendered":"Accueil"},"content":{"rendered":"\n<div class=\"wp-block-cover is-light\" style=\"min-height:100vh;aspect-ratio:unset;\" id=\"principal-tradicion-bloques\"><span aria-hidden=\"true\" class=\"wp-block-cover__background has-background-dim-0 has-background-dim\" style=\"background-color:#a1a8b3\"><\/span><img loading=\"lazy\" decoding=\"async\" width=\"2560\" height=\"1702\" class=\"wp-block-cover__image-background wp-image-3550\" alt=\"\" src=\"https:\/\/www.caceriascampodemontiel.com\/wp-content\/uploads\/2024\/08\/slider-home-tradicion-02-scaled.jpg\" data-object-fit=\"cover\" srcset=\"https:\/\/www.caceriascampodemontiel.com\/wp-content\/uploads\/2024\/08\/slider-home-tradicion-02-scaled.jpg 2560w, https:\/\/www.caceriascampodemontiel.com\/wp-content\/uploads\/2024\/08\/slider-home-tradicion-02-300x200.jpg 300w, https:\/\/www.caceriascampodemontiel.com\/wp-content\/uploads\/2024\/08\/slider-home-tradicion-02-1024x681.jpg 1024w, https:\/\/www.caceriascampodemontiel.com\/wp-content\/uploads\/2024\/08\/slider-home-tradicion-02-768x511.jpg 768w, https:\/\/www.caceriascampodemontiel.com\/wp-content\/uploads\/2024\/08\/slider-home-tradicion-02-1536x1021.jpg 1536w, https:\/\/www.caceriascampodemontiel.com\/wp-content\/uploads\/2024\/08\/slider-home-tradicion-02-2048x1362.jpg 2048w\" sizes=\"auto, (max-width: 2560px) 100vw, 2560px\" \/><div class=\"wp-block-cover__inner-container is-layout-constrained wp-block-cover-is-layout-constrained\">\n<h1 class=\"wp-block-heading has-text-align-center\">Tradition familiale, depuis 1971<\/h1>\n\n\n\n<a class=\"link-to-target\" onclick=\"scrollToDiv('#secundaria-ojeo-y-caza')\">\n\t\t\t\t\t\t<img decoding=\"async\" class=\"to\" data-skip-lazy=\"1\" src=\"data:image\/svg+xml;base64,PHN2ZyB3aWR0aD0iMzIiIGhlaWdodD0iMzIiIHZpZXdCb3g9IjAgMCAzMiAzMiIgeG1sbnM9Imh0dHA6Ly93d3cudzMub3JnLzIwMDAvc3ZnIj4KICAgIDxwYXRoIGQ9Ik0xMC43MjIgNC4yOTNjLS4zOTQtLjM5LTEuMDMyLS4zOS0xLjQyNyAwLS4zOTMuMzktLjM5MyAxLjAzIDAgMS40MmwxMS4yODMgMTAuMjgtMTEuMjgzIDEwLjI5Yy0uMzkzLjM5LS4zOTMgMS4wMiAwIDEuNDIuMzk1LjM5IDEuMDMzLjM5IDEuNDI3IDBsMTIuMDA3LTEwLjk0Yy4yMS0uMjEuMy0uNDkuMjg0LS43Ny4wMTQtLjI3LS4wNzYtLjU1LS4yODYtLjc2TDEwLjcyIDQuMjkzeiIKICAgICAgICAgIGZpbGw9IiNmZmZmZmYiIG9wYWNpdHk9IjAuOCIgZmlsbC1ydWxlPSJldmVub2RkIi8+Cjwvc3ZnPg==\" alt=\"next arrow\"\/><\/a>\n<\/div><\/div>\n\n\n\n<section id=\"secundaria-ojeo-y-caza\" class=\"wp-block-group\"><div class=\"wp-block-group__inner-container is-layout-constrained wp-block-group-is-layout-constrained\"><div class=\"wp-bootstrap-blocks-container container-fluid mb-2\">\n\t\n<div class=\"wp-bootstrap-blocks-row row\">\n\t\n\n<div class=\"col-12 col-md-6 bloque bg-ojeo-bloque p-0 pr-1\">\n\t\t\t<div class=\"h-100 d-flex flex-column justify-content-center\">\n\t\t\t\n\n<div class=\"wp-block-cover is-light\"><span aria-hidden=\"true\" class=\"wp-block-cover__background has-background-dim-0 has-background-dim\" style=\"background-color:#8ba6c9\"><\/span><img loading=\"lazy\" decoding=\"async\" width=\"1439\" height=\"825\" class=\"wp-block-cover__image-background wp-image-3624\" alt=\"\" src=\"https:\/\/www.caceriascampodemontiel.com\/wp-content\/uploads\/2024\/08\/home-ojeo-de-perdiz-roja-02.jpg\" data-object-fit=\"cover\" srcset=\"https:\/\/www.caceriascampodemontiel.com\/wp-content\/uploads\/2024\/08\/home-ojeo-de-perdiz-roja-02.jpg 1439w, https:\/\/www.caceriascampodemontiel.com\/wp-content\/uploads\/2024\/08\/home-ojeo-de-perdiz-roja-02-300x172.jpg 300w, https:\/\/www.caceriascampodemontiel.com\/wp-content\/uploads\/2024\/08\/home-ojeo-de-perdiz-roja-02-1024x587.jpg 1024w, https:\/\/www.caceriascampodemontiel.com\/wp-content\/uploads\/2024\/08\/home-ojeo-de-perdiz-roja-02-768x440.jpg 768w\" sizes=\"auto, (max-width: 1439px) 100vw, 1439px\" \/><div class=\"wp-block-cover__inner-container is-layout-constrained wp-block-cover-is-layout-constrained\"><a href=\"https:\/\/www.caceriascampodemontiel.com\/fr\/battues-traditionnelles-de-perdrix-rouge\/\"    class=\"wp-block-tiptip-hyperlink-group-block\" >\n<div class=\"wp-block-group box is-vertical is-content-justification-center is-layout-flex wp-container-core-group-is-layout-4b2eccd6 wp-block-group-is-layout-flex\">\n<h2 class=\"wp-block-heading has-text-align-center\">Battues Traditionnelles de Perdrix Rouge<\/h2>\n\n\n\n<hr class=\"wp-block-separator has-alpha-channel-opacity\"\/>\n\n\n\n<p class=\"has-text-align-center\">Nous disposons de plus de 80 combinaisons diff\u00e9rentes de chasses en battue \u00e0 la perdrix rouge, sans r\u00e9p\u00e9ter la m\u00eame zone de chasse, avec diff\u00e9rents sc\u00e9narios et diff\u00e9rents types de terrain.<\/p>\n\n\n\n<figure class=\"wp-block-image size-large\"><img loading=\"lazy\" decoding=\"async\" width=\"64\" height=\"43\" src=\"https:\/\/www.caceriascampodemontiel.com\/wp-content\/uploads\/2024\/08\/ico-pluma.svg\" alt=\"\" class=\"wp-image-3568\"\/><\/figure>\n<\/div>\n<\/a><\/div><\/div>\n\n\t\t<\/div>\n\t<\/div>\n\n\n\n<div class=\"col-12 col-md-6 bloque bg-caza-bloque p-0 pl-1\">\n\t\t\t\n\n<div class=\"wp-block-cover is-light\"><span aria-hidden=\"true\" class=\"wp-block-cover__background has-background-dim-0 has-background-dim\" style=\"background-color:#8ca9be\"><\/span><img loading=\"lazy\" decoding=\"async\" width=\"1439\" height=\"825\" class=\"wp-block-cover__image-background wp-image-3628\" alt=\"\" src=\"https:\/\/www.caceriascampodemontiel.com\/wp-content\/uploads\/2024\/08\/home-caza-en-mano-con-perros-03.jpg\" style=\"object-position:50% 100%\" data-object-fit=\"cover\" data-object-position=\"50% 100%\" srcset=\"https:\/\/www.caceriascampodemontiel.com\/wp-content\/uploads\/2024\/08\/home-caza-en-mano-con-perros-03.jpg 1439w, https:\/\/www.caceriascampodemontiel.com\/wp-content\/uploads\/2024\/08\/home-caza-en-mano-con-perros-03-300x172.jpg 300w, https:\/\/www.caceriascampodemontiel.com\/wp-content\/uploads\/2024\/08\/home-caza-en-mano-con-perros-03-1024x587.jpg 1024w, https:\/\/www.caceriascampodemontiel.com\/wp-content\/uploads\/2024\/08\/home-caza-en-mano-con-perros-03-768x440.jpg 768w\" sizes=\"auto, (max-width: 1439px) 100vw, 1439px\" \/><div class=\"wp-block-cover__inner-container is-layout-constrained wp-block-cover-is-layout-constrained\"><a href=\"https:\/\/www.caceriascampodemontiel.com\/fr\/chasser-avec-un-chien-perdrix-lapin-et-liebre\/\"    class=\"wp-block-tiptip-hyperlink-group-block\" >\n<div class=\"wp-block-group box is-vertical is-content-justification-center is-layout-flex wp-container-core-group-is-layout-4b2eccd6 wp-block-group-is-layout-flex\">\n<h2 class=\"wp-block-heading has-text-align-center\">Chasser avec un chien, perdrix, lapin et li\u00e8bre<\/h2>\n\n\n\n<hr class=\"wp-block-separator has-alpha-channel-opacity\"\/>\n\n\n\n<p class=\"has-text-align-center\">Ce type de chasse consiste \u00e0 rechercher des perdrix, lapin ou li\u00e8vre jusqu&rsquo;\u00e0 ce que nos chiens localisent leur position. On peut pratiquer ce type de chasse seul ou avec des amis ou des clients professionnels, mais il est indispensable d\u2019emmener des chiens pour rechercher et r\u00e9cup\u00e9rer les perdrix, lapin ou li\u00e8vre.<\/p>\n\n\n\n<figure class=\"wp-block-image size-large\"><img loading=\"lazy\" decoding=\"async\" width=\"64\" height=\"43\" src=\"https:\/\/www.caceriascampodemontiel.com\/wp-content\/uploads\/2024\/08\/ico-pluma.svg\" alt=\"\" class=\"wp-image-3568\"\/><\/figure>\n<\/div>\n<\/a><\/div><\/div>\n\n\t<\/div>\n\n<\/div>\n\n<\/div>\n<\/div><\/section>\n\n\n\n<section id=\"cazar-perdiz-roja\" class=\"wp-block-group bg-gris py-5\"><div class=\"wp-block-group__inner-container is-layout-constrained wp-block-group-is-layout-constrained\"><div class=\"wp-bootstrap-blocks-container container mb-2\">\n\t\n<div class=\"wp-bootstrap-blocks-row row justify-content-between\">\n\t\n\n<div class=\"col-12 col-md-5\">\n\t\t\t\n\n<div class=\"wp-block-nextend-smartslider3\"><\/div>\n\n\t<\/div>\n\n\n\n<div class=\"col-12 col-md-6\">\n\t\t\t\n\n<h3 class=\"wp-block-heading\">Chasse Perdrix Rouge<\/h3>\n\n\n\n<h4 class=\"wp-block-heading\">Notre objectif est de rapprocher le chasseur du terrain afin qu\u2019il d\u00e9couvre le milieu naturel, dans l\u2019\u00e9tat sauvage le mieux pr\u00e9serv\u00e9, tel que nous l\u2019avons connu, afin de transmettre des exp\u00e9riences et des connaissances positives pour que ces valeurs ne puissent pas se perdre et pour que chaque jour, nous devenions plus soucieux de la conservation du milieu naturel.<\/h4>\n\n\n\n<p>Les domaines, g\u00e9r\u00e9s par la famille Tebar, sont taill\u00e9s sur mesure pour la chasse car, gr\u00e2ce \u00e0 leur gestion optimale, ils pr\u00e9sentent un biotope unique de terres non cultiv\u00e9es, de maquis, de c\u00e9r\u00e9ales, d&rsquo;oliviers, de vignobles, de terrains plats et vallonn\u00e9s.<\/p>\n\n\n\n<p>La chasse \u00e0 la perdrix rouge est pratiqu\u00e9e de mani\u00e8re traditionnelle avec des perdrix sauvages sur le terrain. Il ne s&rsquo;agit pas de l\u00e2chers directs ou similaires, mais uniquement de chasse traditionnelle avec des chevaux et des \u00e9claireurs. La chasse \u00e0 la perdrix rouge au saut ou \u00e0 la main avec des chiens peut \u00eatre combin\u00e9e avec la chasse au lapin ou au li\u00e8vre, ce qui rend ces journ\u00e9es inoubliables \u00e0 vivre avec des amis ou des clients professionnels.<\/p>\n\n\t<\/div>\n\n<\/div>\n\n<\/div>\n<\/div><\/section>\n\n\n\n<section id=\"nuestra-gestion\" class=\"wp-block-group\"><div class=\"wp-block-group__inner-container is-layout-constrained wp-block-group-is-layout-constrained\"><div class=\"wp-bootstrap-blocks-container container mb-2\">\n\t\n<div class=\"wp-bootstrap-blocks-row row bloque-titular\">\n\t\n\n<div class=\"col-12\">\n\t\t\t<div class=\"h-100 d-flex flex-column justify-content-center\">\n\t\t\t\n\n<p class=\"has-text-align-center titular\">Nuestra gesti\u00f3n<\/p>\n\n\n\n<hr class=\"wp-block-separator has-alpha-channel-opacity\"\/>\n\n\t\t<\/div>\n\t<\/div>\n\n<\/div>\n\n\n<div class=\"wp-bootstrap-blocks-row row\">\n\t\n\n<div class=\"col-12 col-md text-center\">\n\t\t\t<div class=\"h-100 d-flex flex-column justify-content-center\">\n\t\t\t\n\n<figure class=\"wp-block-image size-large\"><a href=\"https:\/\/www.caceriascampodemontiel.com\/nuestra-gestion\/perdiz-roja-brava\/\"><img loading=\"lazy\" decoding=\"async\" width=\"105\" height=\"100\" src=\"https:\/\/www.caceriascampodemontiel.com\/wp-content\/uploads\/2024\/08\/ico-perdiz-roja-brava.svg\" alt=\"\" class=\"wp-image-3582\"\/><\/a><\/figure>\n\n\n\n<h5 class=\"wp-block-heading\">Perdiz Roja Brava<\/h5>\n\n\n\n<p>La intensa gesti\u00f3n en nuestras fincas los 365 d\u00edas del a\u00f1o forman el habitat perfecto para la Perdiz Roja.<\/p>\n\n\t\t<\/div>\n\t<\/div>\n\n\n\n<div class=\"col-12 col-md text-center\">\n\t\t\t<div class=\"h-100 d-flex flex-column justify-content-center\">\n\t\t\t\n\n<figure class=\"wp-block-image size-large\"><a href=\"https:\/\/www.caceriascampodemontiel.com\/nuestra-gestion\/control-de-depredadores\/\"><img loading=\"lazy\" decoding=\"async\" width=\"93\" height=\"100\" src=\"https:\/\/www.caceriascampodemontiel.com\/wp-content\/uploads\/2024\/08\/ico-control-de-depredadores.svg\" alt=\"\" class=\"wp-image-3585\"\/><\/a><\/figure>\n\n\n\n<h5 class=\"wp-block-heading\">Control de depredadores<\/h5>\n\n\n\n<p>Trabajamos en el control de depredadores vitales para la cr\u00eda y el desarrollo de la perdiz salvaje.<\/p>\n\n\t\t<\/div>\n\t<\/div>\n\n\n\n<div class=\"col-12 col-md text-center\">\n\t\t\t<div class=\"h-100 d-flex flex-column justify-content-center\">\n\t\t\t\n\n<figure class=\"wp-block-image size-large\"><a href=\"https:\/\/www.caceriascampodemontiel.com\/nuestra-gestion\/construccion-de-refugios\/\"><img loading=\"lazy\" decoding=\"async\" width=\"117\" height=\"100\" src=\"https:\/\/www.caceriascampodemontiel.com\/wp-content\/uploads\/2024\/08\/ico-construccion-de-refugios.svg\" alt=\"\" class=\"wp-image-3588\"\/><\/a><\/figure>\n\n\n\n<h5 class=\"wp-block-heading\">Construcci\u00f3n de refugios<\/h5>\n\n\n\n<p>Opci\u00f3n muy apropiada para la protecci\u00f3n de nidos de perdiz y perdigones apenas d\u00edas de vida.<\/p>\n\n\t\t<\/div>\n\t<\/div>\n\n\n\n<div class=\"col-12 col-md text-center\">\n\t\t\t<div class=\"h-100 d-flex flex-column justify-content-center\">\n\t\t\t\n\n<figure class=\"wp-block-image size-large is-resized\"><a href=\"https:\/\/www.caceriascampodemontiel.com\/nuestra-gestion\/comida-y-agua\/\"><img loading=\"lazy\" decoding=\"async\" width=\"86\" height=\"100\" src=\"https:\/\/www.caceriascampodemontiel.com\/wp-content\/uploads\/2024\/08\/ico-comida-y-agua.svg\" alt=\"\" class=\"wp-image-3591\" style=\"width:140px;height:auto\"\/><\/a><\/figure>\n\n\n\n<h5 class=\"wp-block-heading\">Comida y agua<\/h5>\n\n\n\n<p>Cubrimos todas las necesidades de manera natural y con trigo y agua durante los 365 d\u00edas al a\u00f1o.<\/p>\n\n\t\t<\/div>\n\t<\/div>\n\n\n\n<div class=\"col-12 col-md text-center\">\n\t\t\t<div class=\"h-100 d-flex flex-column justify-content-center\">\n\t\t\t\n\n<figure class=\"wp-block-image size-large\"><a href=\"https:\/\/www.caceriascampodemontiel.com\/nuestra-gestion\/mantenimiento-de-caminos\/\"><img loading=\"lazy\" decoding=\"async\" width=\"100\" height=\"100\" src=\"https:\/\/www.caceriascampodemontiel.com\/wp-content\/uploads\/2024\/08\/ico-mantenimiento-de-caminos.svg\" alt=\"\" class=\"wp-image-3594\"\/><\/a><\/figure>\n\n\n\n<h5 class=\"wp-block-heading\">Mantenimiento de caminos<\/h5>\n\n\n\n<p>Mantenemos todos nuestros caminos en perfecto estado para su uso como movilidad y cortafuegos.<\/p>\n\n\t\t<\/div>\n\t<\/div>\n\n<\/div>\n\n<\/div>\n<\/div><\/section>\n\n\n\n<div class=\"wp-block-group container-max-1900\"><div class=\"wp-block-group__inner-container is-layout-constrained wp-block-group-is-layout-constrained\">\n<section id=\"fincas-de-caza\" class=\"wp-block-group\"><div class=\"wp-block-group__inner-container is-layout-constrained wp-block-group-is-layout-constrained\"><div class=\"wp-bootstrap-blocks-container container mb-2\">\n\t\n<div class=\"wp-bootstrap-blocks-row row\">\n\t\n\n<div class=\"col-12 col-md-4\">\n\t\t\t\n<a href=\"https:\/\/www.caceriascampodemontiel.com\/fincas-de-caza\/\"    class=\"wp-block-tiptip-hyperlink-group-block\" >\n<div class=\"wp-block-group is-vertical is-content-justification-center is-layout-flex wp-container-core-group-is-layout-4b2eccd6 wp-block-group-is-layout-flex\">\n<h3 class=\"wp-block-heading has-text-align-center\">Propri\u00e9t\u00e9s de chasse<\/h3>\n\n\n\n<hr class=\"wp-block-separator has-alpha-channel-opacity\"\/>\n\n\n\n<p class=\"has-text-align-center\">Nos domaines couvrent une superficie de 15 000 hectares consacr\u00e9s \u00e0 la chasse \u00e0 la perdrix rouge et 10 000 hectares consacr\u00e9s \u00e0 la chasse \u00e0 la perdrix, au lapin et au li\u00e8vre, sans oublier qu&rsquo;ici se trouve le paradis de la grive, de la tourterelle et du pigeon ramier.<\/p>\n\n\n\n<p class=\"has-text-align-center\">Nous vous attendons bient\u00f4t<\/p>\n\n\n\n<figure class=\"wp-block-image size-large\"><img loading=\"lazy\" decoding=\"async\" width=\"64\" height=\"43\" src=\"https:\/\/www.caceriascampodemontiel.com\/wp-content\/uploads\/2024\/08\/ico-pluma.svg\" alt=\"\" class=\"wp-image-3568\"\/><\/figure>\n<\/div>\n<\/a>\n\t<\/div>\n\n<\/div>\n\n<\/div>\n<\/div><\/section>\n<\/div><\/div>\n\n\n\n<section id=\"literal\" class=\"wp-block-group bg-gris\"><div class=\"wp-block-group__inner-container is-layout-constrained wp-block-group-is-layout-constrained\"><div class=\"wp-bootstrap-blocks-container container mb-2\">\n\t\n<div class=\"wp-bootstrap-blocks-row row justify-content-center align-items-start\">\n\t\n\n<div class=\"col-12 col-md-6\">\n\t\t\t\n\n<blockquote class=\"wp-block-quote has-text-align-center is-style-default is-layout-flow wp-block-quote-is-layout-flow\">\n<p><\/p>\n<cite>\u00ab\u00a0Castille-La Manche&#8230;, terres de vinicoles, terres de Don Quichotte, et bien entendu, terres de chasse\u00a0\u00bb.<\/cite><\/blockquote>\n\n\t<\/div>\n\n<\/div>\n\n<\/div>\n<\/div><\/section>\n\n\n\n<section id=\"modalidades-de-caza\" class=\"wp-block-group\"><div class=\"wp-block-group__inner-container is-layout-constrained wp-block-group-is-layout-constrained\"><div class=\"wp-bootstrap-blocks-container container mb-2\">\n\t\n<div class=\"wp-bootstrap-blocks-row row bloque-titular justify-content-center\">\n\t\n\n<div class=\"col-12\">\n\t\t\t<div class=\"h-100 d-flex flex-column justify-content-center\">\n\t\t\t\n\n<p class=\"has-text-align-center titular\">Modalidades de caza<\/p>\n\n\n\n<hr class=\"wp-block-separator has-alpha-channel-opacity\"\/>\n\n\t\t<\/div>\n\t<\/div>\n\n<\/div>\n\n\n<div class=\"wp-bootstrap-blocks-row row\">\n\t\n\n<div class=\"col-12 col-md-4 bloque text-center migratorias-bloque\">\n\t\t\t\n\n<div class=\"wp-block-cover w-100\" style=\"min-height:300px;aspect-ratio:unset;\"><span aria-hidden=\"true\" class=\"wp-block-cover__background has-background-dim-0 has-background-dim\" style=\"background-color:#675d38\"><\/span><img loading=\"lazy\" decoding=\"async\" width=\"450\" height=\"300\" class=\"wp-block-cover__image-background wp-image-3656\" alt=\"\" src=\"https:\/\/www.caceriascampodemontiel.com\/wp-content\/uploads\/2024\/08\/modalidades-de-caza-migratorias.jpg\" data-object-fit=\"cover\" srcset=\"https:\/\/www.caceriascampodemontiel.com\/wp-content\/uploads\/2024\/08\/modalidades-de-caza-migratorias.jpg 450w, https:\/\/www.caceriascampodemontiel.com\/wp-content\/uploads\/2024\/08\/modalidades-de-caza-migratorias-300x200.jpg 300w\" sizes=\"auto, (max-width: 450px) 100vw, 450px\" \/><div class=\"wp-block-cover__inner-container is-layout-constrained wp-block-cover-is-layout-constrained\">\n<h5 class=\"wp-block-heading has-text-align-center\"><a href=\"https:\/\/www.caceriascampodemontiel.com\/otras-modalidades-de-caza\/migratorias\/\">Migratorias<\/a><\/h5>\n<\/div><\/div>\n\n\t<\/div>\n\n\n\n<div class=\"col-12 col-md-4 bloque text-center conejos-bloque\">\n\t\t\t\n\n<div class=\"wp-block-cover w-100\" style=\"min-height:300px;aspect-ratio:unset;\"><span aria-hidden=\"true\" class=\"wp-block-cover__background has-background-dim-0 has-background-dim\" style=\"background-color:#776a44\"><\/span><img loading=\"lazy\" decoding=\"async\" width=\"450\" height=\"300\" class=\"wp-block-cover__image-background wp-image-3660\" alt=\"\" src=\"https:\/\/www.caceriascampodemontiel.com\/wp-content\/uploads\/2024\/08\/modalidades-de-caza-conejos-y-liebres.jpg\" data-object-fit=\"cover\" srcset=\"https:\/\/www.caceriascampodemontiel.com\/wp-content\/uploads\/2024\/08\/modalidades-de-caza-conejos-y-liebres.jpg 450w, https:\/\/www.caceriascampodemontiel.com\/wp-content\/uploads\/2024\/08\/modalidades-de-caza-conejos-y-liebres-300x200.jpg 300w\" sizes=\"auto, (max-width: 450px) 100vw, 450px\" \/><div class=\"wp-block-cover__inner-container is-layout-constrained wp-block-cover-is-layout-constrained\">\n<h5 class=\"wp-block-heading has-text-align-center\"><a href=\"https:\/\/www.caceriascampodemontiel.com\/otras-modalidades-de-caza\/conejos-y-liebres\/\">Conejos y liebres<\/a><\/h5>\n<\/div><\/div>\n\n\t<\/div>\n\n\n\n<div class=\"col-12 col-md-4 bloque text-center perdiz-bloque\">\n\t\t\t\n\n<div class=\"wp-block-cover w-100\" style=\"min-height:300px;aspect-ratio:unset;\"><span aria-hidden=\"true\" class=\"wp-block-cover__background has-background-dim-0 has-background-dim\" style=\"background-color:#9f744b\"><\/span><img loading=\"lazy\" decoding=\"async\" width=\"450\" height=\"300\" class=\"wp-block-cover__image-background wp-image-3663\" alt=\"\" src=\"https:\/\/www.caceriascampodemontiel.com\/wp-content\/uploads\/2024\/08\/modalidades-de-caza-perdiz-roja.jpg\" data-object-fit=\"cover\" srcset=\"https:\/\/www.caceriascampodemontiel.com\/wp-content\/uploads\/2024\/08\/modalidades-de-caza-perdiz-roja.jpg 450w, https:\/\/www.caceriascampodemontiel.com\/wp-content\/uploads\/2024\/08\/modalidades-de-caza-perdiz-roja-300x200.jpg 300w\" sizes=\"auto, (max-width: 450px) 100vw, 450px\" \/><div class=\"wp-block-cover__inner-container is-layout-constrained wp-block-cover-is-layout-constrained\">\n<h5 class=\"wp-block-heading has-text-align-center\"><a href=\"https:\/\/www.caceriascampodemontiel.com\/nuestra-gestion\/perdiz-roja-brava\/\">Perdiz Roja<\/a><\/h5>\n<\/div><\/div>\n\n\t<\/div>\n\n\n\n<div class=\"col-12 col-md-4 bloque text-center mayor-bloque\">\n\t\t\t\n\n<div class=\"wp-block-cover w-100\" style=\"min-height:300px;aspect-ratio:unset;\"><span aria-hidden=\"true\" class=\"wp-block-cover__background has-background-dim-0 has-background-dim\" style=\"background-color:#434128\"><\/span><img loading=\"lazy\" decoding=\"async\" width=\"450\" height=\"300\" class=\"wp-block-cover__image-background wp-image-3666\" alt=\"\" src=\"https:\/\/www.caceriascampodemontiel.com\/wp-content\/uploads\/2024\/08\/modalidades-de-caza-caza-mayor.jpg\" data-object-fit=\"cover\" srcset=\"https:\/\/www.caceriascampodemontiel.com\/wp-content\/uploads\/2024\/08\/modalidades-de-caza-caza-mayor.jpg 450w, https:\/\/www.caceriascampodemontiel.com\/wp-content\/uploads\/2024\/08\/modalidades-de-caza-caza-mayor-300x200.jpg 300w\" sizes=\"auto, (max-width: 450px) 100vw, 450px\" \/><div class=\"wp-block-cover__inner-container is-layout-constrained wp-block-cover-is-layout-constrained\">\n<h5 class=\"wp-block-heading has-text-align-center\"><a href=\"https:\/\/www.caceriascampodemontiel.com\/otras-modalidades-de-caza\/monteria\/\">Caza mayor<\/a><\/h5>\n<\/div><\/div>\n\n\t<\/div>\n\n\n\n<div class=\"col-12 col-md-4 bloque text-center recechos-bloque\">\n\t\t\t\n\n<div class=\"wp-block-cover w-100\" style=\"min-height:300px;aspect-ratio:unset;\"><span aria-hidden=\"true\" class=\"wp-block-cover__background has-background-dim-0 has-background-dim\" style=\"background-color:#564d3f\"><\/span><img loading=\"lazy\" decoding=\"async\" width=\"450\" height=\"300\" class=\"wp-block-cover__image-background wp-image-3669\" alt=\"\" src=\"https:\/\/www.caceriascampodemontiel.com\/wp-content\/uploads\/2024\/08\/modalidades-de-caza-recechos.jpg\" data-object-fit=\"cover\" srcset=\"https:\/\/www.caceriascampodemontiel.com\/wp-content\/uploads\/2024\/08\/modalidades-de-caza-recechos.jpg 450w, https:\/\/www.caceriascampodemontiel.com\/wp-content\/uploads\/2024\/08\/modalidades-de-caza-recechos-300x200.jpg 300w\" sizes=\"auto, (max-width: 450px) 100vw, 450px\" \/><div class=\"wp-block-cover__inner-container is-layout-constrained wp-block-cover-is-layout-constrained\">\n<h5 class=\"wp-block-heading has-text-align-center\"><a href=\"https:\/\/www.caceriascampodemontiel.com\/otras-modalidades-de-caza\/recechos\/\">Recechos<\/a><\/h5>\n<\/div><\/div>\n\n\t<\/div>\n\n\n\n<div class=\"col-12 col-md-4 bloque text-center cetreria-bloque\">\n\t\t\t\n\n<div class=\"wp-block-cover w-100\" style=\"min-height:300px;aspect-ratio:unset;\"><span aria-hidden=\"true\" class=\"wp-block-cover__background has-background-dim-0 has-background-dim\" style=\"background-color:#443d30\"><\/span><img loading=\"lazy\" decoding=\"async\" width=\"450\" height=\"300\" class=\"wp-block-cover__image-background wp-image-3672\" alt=\"\" src=\"https:\/\/www.caceriascampodemontiel.com\/wp-content\/uploads\/2024\/08\/modalidades-de-caza-cetreria.jpg\" data-object-fit=\"cover\" srcset=\"https:\/\/www.caceriascampodemontiel.com\/wp-content\/uploads\/2024\/08\/modalidades-de-caza-cetreria.jpg 450w, https:\/\/www.caceriascampodemontiel.com\/wp-content\/uploads\/2024\/08\/modalidades-de-caza-cetreria-300x200.jpg 300w\" sizes=\"auto, (max-width: 450px) 100vw, 450px\" \/><div class=\"wp-block-cover__inner-container is-layout-constrained wp-block-cover-is-layout-constrained\">\n<h5 class=\"wp-block-heading has-text-align-center\"><a href=\"https:\/\/www.caceriascampodemontiel.com\/otras-modalidades-de-caza\/cetreria\/\">Cetrer\u00eda<\/a><\/h5>\n<\/div><\/div>\n\n\t<\/div>\n\n<\/div>\n\n<\/div>\n<\/div><\/section>\n\n\n\n<section id=\"servicios-complementarios\" class=\"wp-block-group\"><div class=\"wp-block-group__inner-container is-layout-constrained wp-block-group-is-layout-constrained\"><div class=\"wp-bootstrap-blocks-container container mb-2\">\n\t\n<div class=\"wp-bootstrap-blocks-row row bloque-titular justify-content-center\">\n\t\n\n<div class=\"col-12\">\n\t\t\t<div class=\"h-100 d-flex flex-column justify-content-center\">\n\t\t\t\n\n<p class=\"has-text-align-center titular\">Servicios complementarios<\/p>\n\n\n\n<hr class=\"wp-block-separator has-alpha-channel-opacity\"\/>\n\n\t\t<\/div>\n\t<\/div>\n\n<\/div>\n\n\n<div class=\"wp-bootstrap-blocks-row row\">\n\t\n\n<div class=\"col-12 col-md text-center\">\n\t\t\t\n\n<figure class=\"wp-block-image size-large\"><a href=\"https:\/\/www.caceriascampodemontiel.com\/servicios\/alojamientos-campo-de-montiel\/\"><img loading=\"lazy\" decoding=\"async\" width=\"100\" height=\"100\" src=\"https:\/\/www.caceriascampodemontiel.com\/wp-content\/uploads\/2024\/08\/ico-alojamientos.svg\" alt=\"\" class=\"wp-image-3690\"\/><\/a><\/figure>\n\n\n\n<h5 class=\"wp-block-heading\">Alojamientos<\/h5>\n\n\n\n<p>Para su comodidad y descanso ponemos a su disposici\u00f3n diferentes alojamientos en las fincas de Ciudad Real y Madrid.<\/p>\n\n\t<\/div>\n\n\n\n<div class=\"col-12 col-md text-center\">\n\t\t\t\n\n<figure class=\"wp-block-image size-large\"><a href=\"https:\/\/www.caceriascampodemontiel.com\/servicios\/equipo\/\"><img loading=\"lazy\" decoding=\"async\" width=\"83\" height=\"100\" src=\"https:\/\/www.caceriascampodemontiel.com\/wp-content\/uploads\/2024\/08\/ico-equipos-1.svg\" alt=\"\" class=\"wp-image-3696\"\/><\/a><\/figure>\n\n\n\n<h5 class=\"wp-block-heading\">Equipo<\/h5>\n\n\n\n<p>Tenemos a disposici\u00f3n de los cazadores que no viajan con armas varios modelos de escopetas de precisi\u00f3n y todos los accesorios para una jornada de caza.<\/p>\n\n\t<\/div>\n\n\n\n<div class=\"col-12 col-md text-center\">\n\t\t\t\n\n<figure class=\"wp-block-image size-large\"><a href=\"https:\/\/www.caceriascampodemontiel.com\/servicios\/safari-tour-fotografico\/\"><img loading=\"lazy\" decoding=\"async\" width=\"100\" height=\"100\" src=\"https:\/\/www.caceriascampodemontiel.com\/wp-content\/uploads\/2024\/08\/ico-sugerencias.svg\" alt=\"\" class=\"wp-image-3699\"\/><\/a><\/figure>\n\n\n\n<h5 class=\"wp-block-heading\">Sugerencias<\/h5>\n\n\n\n<p>Para los d\u00edas que no deseemos cazar podemos ofrecerle como alternativa, la caza fotogr\u00e1fica en nuestros veh\u00edculos 4&#215;4 o bien visitas culturales, compras, o flamenco.<\/p>\n\n\t<\/div>\n\n\n\n<div class=\"col-12 col-md text-center\">\n\t\t\t\n\n<figure class=\"wp-block-image size-large\"><a href=\"https:\/\/www.caceriascampodemontiel.com\/servicios\/transporte-y-vehiculos\/\"><img loading=\"lazy\" decoding=\"async\" width=\"102\" height=\"100\" src=\"https:\/\/www.caceriascampodemontiel.com\/wp-content\/uploads\/2024\/08\/ico-transporte-y-vehiculos.svg\" alt=\"\" class=\"wp-image-3702\"\/><\/a><\/figure>\n\n\n\n<h5 class=\"wp-block-heading\">Transporte y veh\u00edculos<\/h5>\n\n\n\n<p>Organizaremos su llegada al aeropuerto Adolfo Su\u00e1rez en Madrid y todos sus desplazamientos por las fincas en nuestros veh\u00edculos 4&#215;4 durante las jornadas de caza.<\/p>\n\n\t<\/div>\n\n<\/div>\n\n<\/div>\n<\/div><\/section>\n\n\n\n<section id=\"videos\" class=\"wp-block-group\"><div class=\"wp-block-group__inner-container is-layout-constrained wp-block-group-is-layout-constrained\"><div class=\"wp-bootstrap-blocks-container container mb-2\">\n\t\n<div class=\"wp-bootstrap-blocks-row row bloque-titular justify-content-center\">\n\t\n\n<div class=\"col-12\">\n\t\t\t<div class=\"h-100 d-flex flex-column justify-content-center\">\n\t\t\t\n\n<p class=\"has-text-align-center titular\">Vid\u00e9os<\/p>\n\n\n\n<hr class=\"wp-block-separator has-alpha-channel-opacity\"\/>\n\n\t\t<\/div>\n\t<\/div>\n\n<\/div>\n\n\n<div class=\"wp-bootstrap-blocks-row row\">\n\t\n\n<div class=\"col-12 col-md text-center\">\n\t\t\t\n<a href=\"https:\/\/www.caceriascampodemontiel.com\/videos\/\"    class=\"wp-block-tiptip-hyperlink-group-block\" >\n<div class=\"wp-block-nextend-smartslider3\"><\/div>\n<\/a>\n\t<\/div>\n\n\n\n<div class=\"col-12 col-md text-center\">\n\t\t\t\n<a href=\"https:\/\/www.caceriascampodemontiel.com\/videos\/\"    class=\"wp-block-tiptip-hyperlink-group-block\" >\n<div class=\"wp-block-nextend-smartslider3\"><\/div>\n<\/a>\n\t<\/div>\n\n\n\n<div class=\"col-12 col-md text-center\">\n\t\t\t\n<a href=\"https:\/\/www.caceriascampodemontiel.com\/videos\/\"    class=\"wp-block-tiptip-hyperlink-group-block\" >\n<div class=\"wp-block-nextend-smartslider3\"><\/div>\n<\/a>\n\t<\/div>\n\n<\/div>\n\n<\/div>\n<\/div><\/section>\n","protected":false},"excerpt":{"rendered":"","protected":false},"author":1,"featured_media":0,"parent":0,"menu_order":0,"comment_status":"closed","ping_status":"closed","template":"page-templates\/content-full-sin-container.php","meta":{"inline_featured_image":false,"footnotes":""},"class_list":["post-3807","page","type-page","status-publish","hentry"],"yoast_head":"<!-- This site is optimized with the Yoast SEO plugin v27.4 - https:\/\/yoast.com\/product\/yoast-seo-wordpress\/ -->\n<title>Campo de Montiel | Gestion rurale | Chasse en Castille-La Manche<\/title>\n<meta name=\"description\" content=\"Une tradition familiale depuis 1971 d\u00e9di\u00e9e \u00e0 la conservation, \u00e0 la campagne et \u00e0 la chasse | Chasse \u00e0 la perdrix rouge | Chasse \u00e0 la main avec des chiens\" \/>\n<meta name=\"robots\" content=\"index, follow, max-snippet:-1, max-image-preview:large, max-video-preview:-1\" \/>\n<link rel=\"canonical\" href=\"https:\/\/www.caceriascampodemontiel.com\/fr\/accueil\/\" \/>\n<meta property=\"og:locale\" content=\"fr_FR\" \/>\n<meta property=\"og:type\" content=\"article\" \/>\n<meta property=\"og:title\" content=\"Campo de Montiel | Gestion rurale | Chasse en Castille-La Manche\" \/>\n<meta property=\"og:description\" content=\"Une tradition familiale depuis 1971 d\u00e9di\u00e9e \u00e0 la conservation, \u00e0 la campagne et \u00e0 la chasse | Chasse \u00e0 la perdrix rouge | Chasse \u00e0 la main avec des chiens\" \/>\n<meta property=\"og:url\" content=\"https:\/\/www.caceriascampodemontiel.com\/fr\/accueil\/\" \/>\n<meta property=\"og:site_name\" content=\"Cacer\u00edas Campo de Montiel\" \/>\n<meta property=\"article:modified_time\" content=\"2024-08-05T10:54:07+00:00\" \/>\n<meta property=\"og:image\" content=\"https:\/\/www.caceriascampodemontiel.com\/wp-content\/uploads\/2024\/08\/slider-home-tradicion-02-scaled.jpg\" \/>\n<meta name=\"twitter:card\" content=\"summary_large_image\" \/>\n<meta name=\"twitter:label1\" content=\"Dur\u00e9e de lecture estim\u00e9e\" \/>\n\t<meta name=\"twitter:data1\" content=\"7 minutes\" \/>\n<script type=\"application\/ld+json\" class=\"yoast-schema-graph\">{\"@context\":\"https:\\\/\\\/schema.org\",\"@graph\":[{\"@type\":\"WebPage\",\"@id\":\"https:\\\/\\\/www.caceriascampodemontiel.com\\\/fr\\\/accueil\\\/\",\"url\":\"https:\\\/\\\/www.caceriascampodemontiel.com\\\/fr\\\/accueil\\\/\",\"name\":\"Campo de Montiel | Gestion rurale | Chasse en Castille-La Manche\",\"isPartOf\":{\"@id\":\"https:\\\/\\\/www.caceriascampodemontiel.com\\\/#website\"},\"primaryImageOfPage\":{\"@id\":\"https:\\\/\\\/www.caceriascampodemontiel.com\\\/fr\\\/accueil\\\/#primaryimage\"},\"image\":{\"@id\":\"https:\\\/\\\/www.caceriascampodemontiel.com\\\/fr\\\/accueil\\\/#primaryimage\"},\"thumbnailUrl\":\"https:\\\/\\\/www.caceriascampodemontiel.com\\\/wp-content\\\/uploads\\\/2024\\\/08\\\/slider-home-tradicion-02-scaled.jpg\",\"datePublished\":\"2024-08-05T08:01:35+00:00\",\"dateModified\":\"2024-08-05T10:54:07+00:00\",\"description\":\"Une tradition familiale depuis 1971 d\u00e9di\u00e9e \u00e0 la conservation, \u00e0 la campagne et \u00e0 la chasse | Chasse \u00e0 la perdrix rouge | Chasse \u00e0 la main avec des chiens\",\"breadcrumb\":{\"@id\":\"https:\\\/\\\/www.caceriascampodemontiel.com\\\/fr\\\/accueil\\\/#breadcrumb\"},\"inLanguage\":\"fr-FR\",\"potentialAction\":[{\"@type\":\"ReadAction\",\"target\":[\"https:\\\/\\\/www.caceriascampodemontiel.com\\\/fr\\\/accueil\\\/\"]}]},{\"@type\":\"ImageObject\",\"inLanguage\":\"fr-FR\",\"@id\":\"https:\\\/\\\/www.caceriascampodemontiel.com\\\/fr\\\/accueil\\\/#primaryimage\",\"url\":\"https:\\\/\\\/www.caceriascampodemontiel.com\\\/wp-content\\\/uploads\\\/2024\\\/08\\\/slider-home-tradicion-02-scaled.jpg\",\"contentUrl\":\"https:\\\/\\\/www.caceriascampodemontiel.com\\\/wp-content\\\/uploads\\\/2024\\\/08\\\/slider-home-tradicion-02-scaled.jpg\"},{\"@type\":\"BreadcrumbList\",\"@id\":\"https:\\\/\\\/www.caceriascampodemontiel.com\\\/fr\\\/accueil\\\/#breadcrumb\",\"itemListElement\":[{\"@type\":\"ListItem\",\"position\":1,\"name\":\"Home\",\"item\":\"https:\\\/\\\/www.caceriascampodemontiel.com\\\/fr\\\/accueil\\\/\"},{\"@type\":\"ListItem\",\"position\":2,\"name\":\"Accueil\"}]},{\"@type\":\"WebSite\",\"@id\":\"https:\\\/\\\/www.caceriascampodemontiel.com\\\/#website\",\"url\":\"https:\\\/\\\/www.caceriascampodemontiel.com\\\/\",\"name\":\"Cacer\u00edas Campo de Montiel | Campo, caza y conservaci\u00f3n\",\"description\":\"Una tradici\u00f3n familiar desde 1971\",\"publisher\":{\"@id\":\"https:\\\/\\\/www.caceriascampodemontiel.com\\\/#organization\"},\"potentialAction\":[{\"@type\":\"SearchAction\",\"target\":{\"@type\":\"EntryPoint\",\"urlTemplate\":\"https:\\\/\\\/www.caceriascampodemontiel.com\\\/?s={search_term_string}\"},\"query-input\":{\"@type\":\"PropertyValueSpecification\",\"valueRequired\":true,\"valueName\":\"search_term_string\"}}],\"inLanguage\":\"fr-FR\"},{\"@type\":\"Organization\",\"@id\":\"https:\\\/\\\/www.caceriascampodemontiel.com\\\/#organization\",\"name\":\"Cacer\u00edas Campo de Montiel\",\"url\":\"https:\\\/\\\/www.caceriascampodemontiel.com\\\/\",\"logo\":{\"@type\":\"ImageObject\",\"inLanguage\":\"fr-FR\",\"@id\":\"https:\\\/\\\/www.caceriascampodemontiel.com\\\/#\\\/schema\\\/logo\\\/image\\\/\",\"url\":\"https:\\\/\\\/www.caceriascampodemontiel.com\\\/wp-content\\\/uploads\\\/2021\\\/02\\\/logo-cacerias-campo-de-montiel2-1.png\",\"contentUrl\":\"https:\\\/\\\/www.caceriascampodemontiel.com\\\/wp-content\\\/uploads\\\/2021\\\/02\\\/logo-cacerias-campo-de-montiel2-1.png\",\"width\":719,\"height\":194,\"caption\":\"Cacer\u00edas Campo de Montiel\"},\"image\":{\"@id\":\"https:\\\/\\\/www.caceriascampodemontiel.com\\\/#\\\/schema\\\/logo\\\/image\\\/\"}}]}<\/script>\n<!-- \/ Yoast SEO plugin. -->","yoast_head_json":{"title":"Campo de Montiel | Gestion rurale | Chasse en Castille-La Manche","description":"Une tradition familiale depuis 1971 d\u00e9di\u00e9e \u00e0 la conservation, \u00e0 la campagne et \u00e0 la chasse | Chasse \u00e0 la perdrix rouge | Chasse \u00e0 la main avec des chiens","robots":{"index":"index","follow":"follow","max-snippet":"max-snippet:-1","max-image-preview":"max-image-preview:large","max-video-preview":"max-video-preview:-1"},"canonical":"https:\/\/www.caceriascampodemontiel.com\/fr\/accueil\/","og_locale":"fr_FR","og_type":"article","og_title":"Campo de Montiel | Gestion rurale | Chasse en Castille-La Manche","og_description":"Une tradition familiale depuis 1971 d\u00e9di\u00e9e \u00e0 la conservation, \u00e0 la campagne et \u00e0 la chasse | Chasse \u00e0 la perdrix rouge | Chasse \u00e0 la main avec des chiens","og_url":"https:\/\/www.caceriascampodemontiel.com\/fr\/accueil\/","og_site_name":"Cacer\u00edas Campo de Montiel","article_modified_time":"2024-08-05T10:54:07+00:00","og_image":[{"url":"https:\/\/www.caceriascampodemontiel.com\/wp-content\/uploads\/2024\/08\/slider-home-tradicion-02-scaled.jpg","type":"","width":"","height":""}],"twitter_card":"summary_large_image","twitter_misc":{"Dur\u00e9e de lecture estim\u00e9e":"7 minutes"},"schema":{"@context":"https:\/\/schema.org","@graph":[{"@type":"WebPage","@id":"https:\/\/www.caceriascampodemontiel.com\/fr\/accueil\/","url":"https:\/\/www.caceriascampodemontiel.com\/fr\/accueil\/","name":"Campo de Montiel | Gestion rurale | Chasse en Castille-La Manche","isPartOf":{"@id":"https:\/\/www.caceriascampodemontiel.com\/#website"},"primaryImageOfPage":{"@id":"https:\/\/www.caceriascampodemontiel.com\/fr\/accueil\/#primaryimage"},"image":{"@id":"https:\/\/www.caceriascampodemontiel.com\/fr\/accueil\/#primaryimage"},"thumbnailUrl":"https:\/\/www.caceriascampodemontiel.com\/wp-content\/uploads\/2024\/08\/slider-home-tradicion-02-scaled.jpg","datePublished":"2024-08-05T08:01:35+00:00","dateModified":"2024-08-05T10:54:07+00:00","description":"Une tradition familiale depuis 1971 d\u00e9di\u00e9e \u00e0 la conservation, \u00e0 la campagne et \u00e0 la chasse | Chasse \u00e0 la perdrix rouge | Chasse \u00e0 la main avec des chiens","breadcrumb":{"@id":"https:\/\/www.caceriascampodemontiel.com\/fr\/accueil\/#breadcrumb"},"inLanguage":"fr-FR","potentialAction":[{"@type":"ReadAction","target":["https:\/\/www.caceriascampodemontiel.com\/fr\/accueil\/"]}]},{"@type":"ImageObject","inLanguage":"fr-FR","@id":"https:\/\/www.caceriascampodemontiel.com\/fr\/accueil\/#primaryimage","url":"https:\/\/www.caceriascampodemontiel.com\/wp-content\/uploads\/2024\/08\/slider-home-tradicion-02-scaled.jpg","contentUrl":"https:\/\/www.caceriascampodemontiel.com\/wp-content\/uploads\/2024\/08\/slider-home-tradicion-02-scaled.jpg"},{"@type":"BreadcrumbList","@id":"https:\/\/www.caceriascampodemontiel.com\/fr\/accueil\/#breadcrumb","itemListElement":[{"@type":"ListItem","position":1,"name":"Home","item":"https:\/\/www.caceriascampodemontiel.com\/fr\/accueil\/"},{"@type":"ListItem","position":2,"name":"Accueil"}]},{"@type":"WebSite","@id":"https:\/\/www.caceriascampodemontiel.com\/#website","url":"https:\/\/www.caceriascampodemontiel.com\/","name":"Cacer\u00edas Campo de Montiel | Campo, caza y conservaci\u00f3n","description":"Una tradici\u00f3n familiar desde 1971","publisher":{"@id":"https:\/\/www.caceriascampodemontiel.com\/#organization"},"potentialAction":[{"@type":"SearchAction","target":{"@type":"EntryPoint","urlTemplate":"https:\/\/www.caceriascampodemontiel.com\/?s={search_term_string}"},"query-input":{"@type":"PropertyValueSpecification","valueRequired":true,"valueName":"search_term_string"}}],"inLanguage":"fr-FR"},{"@type":"Organization","@id":"https:\/\/www.caceriascampodemontiel.com\/#organization","name":"Cacer\u00edas Campo de Montiel","url":"https:\/\/www.caceriascampodemontiel.com\/","logo":{"@type":"ImageObject","inLanguage":"fr-FR","@id":"https:\/\/www.caceriascampodemontiel.com\/#\/schema\/logo\/image\/","url":"https:\/\/www.caceriascampodemontiel.com\/wp-content\/uploads\/2021\/02\/logo-cacerias-campo-de-montiel2-1.png","contentUrl":"https:\/\/www.caceriascampodemontiel.com\/wp-content\/uploads\/2021\/02\/logo-cacerias-campo-de-montiel2-1.png","width":719,"height":194,"caption":"Cacer\u00edas Campo de Montiel"},"image":{"@id":"https:\/\/www.caceriascampodemontiel.com\/#\/schema\/logo\/image\/"}}]}},"_links":{"self":[{"href":"https:\/\/www.caceriascampodemontiel.com\/fr\/wp-json\/wp\/v2\/pages\/3807","targetHints":{"allow":["GET"]}}],"collection":[{"href":"https:\/\/www.caceriascampodemontiel.com\/fr\/wp-json\/wp\/v2\/pages"}],"about":[{"href":"https:\/\/www.caceriascampodemontiel.com\/fr\/wp-json\/wp\/v2\/types\/page"}],"author":[{"embeddable":true,"href":"https:\/\/www.caceriascampodemontiel.com\/fr\/wp-json\/wp\/v2\/users\/1"}],"replies":[{"embeddable":true,"href":"https:\/\/www.caceriascampodemontiel.com\/fr\/wp-json\/wp\/v2\/comments?post=3807"}],"version-history":[{"count":3,"href":"https:\/\/www.caceriascampodemontiel.com\/fr\/wp-json\/wp\/v2\/pages\/3807\/revisions"}],"predecessor-version":[{"id":3813,"href":"https:\/\/www.caceriascampodemontiel.com\/fr\/wp-json\/wp\/v2\/pages\/3807\/revisions\/3813"}],"wp:attachment":[{"href":"https:\/\/www.caceriascampodemontiel.com\/fr\/wp-json\/wp\/v2\/media?parent=3807"}],"curies":[{"name":"wp","href":"https:\/\/api.w.org\/{rel}","templated":true}]}}